{"id":27,"date":"2022-07-03T04:55:07","date_gmt":"2022-07-03T04:55:07","guid":{"rendered":"https:\/\/lereveil224.info\/index.php\/bs-front-page\/"},"modified":"2022-07-18T19:41:47","modified_gmt":"2022-07-18T19:41:47","slug":"accueil","status":"publish","type":"page","link":"https:\/\/lereveil224.info\/index.php\/accueil\/","title":{"rendered":"ACCUEIL"},"content":{"rendered":"<p>[vc_row][vc_column][vc_column_text]<\/p>\n<div class=\"row bs-shortcode-row bs-shortcode-row-3-column\">\n<div class=\"col-xs-4 bs-shortcode-col\" data-mce-contenteditable=\"true\">\n<p>[\/vc_column_text][\/vc_column][\/vc_row][vc_row][vc_column]<\/p>\n\t<div id=\"newsticker-1479253574\" class=\"better-newsticker \"\r\n\t     data-speed=\"15000\">\r\n\t\t<p class=\"heading \">Maintenant<\/p>\r\n\t\t<ul class=\"news-list\">\r\n\t\t\t\t\t\t\t\t<li>\r\n\t\t\t\t\t\t<a class=\"limit-line\" href=\"https:\/\/lereveil224.info\/index.php\/2024\/10\/16\/macky-sall-contre-attaque-il-rejette-les-accusations-de-falsification-des-finances-publiques\/\">\r\n\t\t\t\t\t\t\tMacky Sall contre-attaque : il rejette les accusations de falsification des finances publiques\t\t\t\t\t\t<\/a>\r\n\t\t\t\t\t<\/li>\r\n\t\t\t\t\t\t\t\t\t\t<li>\r\n\t\t\t\t\t\t<a class=\"limit-line\" href=\"https:\/\/lereveil224.info\/index.php\/2026\/09\/03\/tragedie-a-dar-es-salam-les-35-victimes-seront-inhumees-ce-vendredi-a-bambeto\/\">\r\n\t\t\t\t\t\t\tTrag\u00e9die \u00e0 Dar-es-Salam : les 35 victimes seront inhum\u00e9es ce vendredi \u00e0 Bamb\u00e9to\t\t\t\t\t\t<\/a>\r\n\t\t\t\t\t<\/li>\r\n\t\t\t\t\t\t\t\t\t\t<li>\r\n\t\t\t\t\t\t<a class=\"limit-line\" href=\"https:\/\/lereveil224.info\/index.php\/2026\/09\/02\/joie-au-palais-presidentiel-mamadi-doumbouya-annonce-la-naissance-dune-petite-fille\/\">\r\n\t\t\t\t\t\t\tJoie au Palais pr\u00e9sidentiel : Mamadi Doumbouya annonce la naissance d\u2019une petite fille\t\t\t\t\t\t<\/a>\r\n\t\t\t\t\t<\/li>\r\n\t\t\t\t\t\t\t\t\t\t<li>\r\n\t\t\t\t\t\t<a class=\"limit-line\" href=\"https:\/\/lereveil224.info\/index.php\/2026\/09\/02\/guinee-bissau-le-oui-simpose-a-70-au-referendum-constitutionnel-un-resultat-deja-conteste\/\">\r\n\t\t\t\t\t\t\tGuin\u00e9e-Bissau : le \u00ab Oui \u00bb s\u2019impose \u00e0 70 % au r\u00e9f\u00e9rendum constitutionnel, un r\u00e9sultat d\u00e9j\u00e0 contest\u00e9\t\t\t\t\t\t<\/a>\r\n\t\t\t\t\t<\/li>\r\n\t\t\t\t\t\t\t\t\t\t<li>\r\n\t\t\t\t\t\t<a class=\"limit-line\" href=\"https:\/\/lereveil224.info\/index.php\/2026\/08\/31\/conakry-luemoa-et-la-guinee-sunissent-pour-mieux-combattre-les-derives-des-reseaux-sociaux\/\">\r\n\t\t\t\t\t\t\tConakry : l\u2019UEMOA et la Guin\u00e9e s\u2019unissent pour mieux combattre les d\u00e9rives des r\u00e9seaux sociaux\t\t\t\t\t\t<\/a>\r\n\t\t\t\t\t<\/li>\r\n\t\t\t\t\t\t\t\t\t\t<li>\r\n\t\t\t\t\t\t<a class=\"limit-line\" href=\"https:\/\/lereveil224.info\/index.php\/2026\/08\/28\/medias-en-guinee-boubacar-yacine-diallo-salue-les-journalistes-et-annonce-un-nouvel-assainissement\/\">\r\n\t\t\t\t\t\t\tM\u00e9dias en Guin\u00e9e : Boubacar Yacine Diallo salue les journalistes et annonce un nouvel assainissement\t\t\t\t\t\t<\/a>\r\n\t\t\t\t\t<\/li>\r\n\t\t\t\t\t\t\t\t\t\t<li>\r\n\t\t\t\t\t\t<a class=\"limit-line\" href=\"https:\/\/lereveil224.info\/index.php\/2026\/08\/24\/armee-guineenne-173-militaires-radies-pour-desertion-dont-le-commandant-michel-lamah\/\">\r\n\t\t\t\t\t\t\tArm\u00e9e guin\u00e9enne : 173 militaires radi\u00e9s pour d\u00e9sertion, dont le commandant Michel Lamah\t\t\t\t\t\t<\/a>\r\n\t\t\t\t\t<\/li>\r\n\t\t\t\t\t\t\t\t\t\t<li>\r\n\t\t\t\t\t\t<a class=\"limit-line\" href=\"https:\/\/lereveil224.info\/index.php\/2026\/08\/24\/maouloud-2026-le-mardi-25-aout-declare-ferie-chome-et-paye-en-guinee\/\">\r\n\t\t\t\t\t\t\tMaouloud 2026 : le mardi 25 ao\u00fbt d\u00e9clar\u00e9 f\u00e9ri\u00e9, ch\u00f4m\u00e9 et pay\u00e9 en Guin\u00e9e\t\t\t\t\t\t<\/a>\r\n\t\t\t\t\t<\/li>\r\n\t\t\t\t\t\t\t\t\t\t<li>\r\n\t\t\t\t\t\t<a class=\"limit-line\" href=\"https:\/\/lereveil224.info\/index.php\/2026\/08\/23\/nzerekore-une-foule-immense-rend-un-dernier-hommage-a-cheick-ibrahim-sangare-dit-adawi\/\">\r\n\t\t\t\t\t\t\tN\u2019Z\u00e9r\u00e9kor\u00e9 : une foule immense rend un dernier hommage \u00e0 Cheick Ibrahim SANGAR\u00c9 dit \u00ab Adawi \u00bb\t\t\t\t\t\t<\/a>\r\n\t\t\t\t\t<\/li>\r\n\t\t\t\t\t\t\t\t\t\t<li>\r\n\t\t\t\t\t\t<a class=\"limit-line\" href=\"https:\/\/lereveil224.info\/index.php\/2026\/08\/21\/guinee-trois-hauts-responsables-limoges-par-le-president-mamadi-doumbouya\/\">\r\n\t\t\t\t\t\t\tGuin\u00e9e : trois hauts responsables limog\u00e9s par le pr\u00e9sident Mamadi Doumbouya\t\t\t\t\t\t<\/a>\r\n\t\t\t\t\t<\/li>\r\n\t\t\t\t\t\t\t\t\t\t<li>\r\n\t\t\t\t\t\t<a class=\"limit-line\" href=\"https:\/\/lereveil224.info\/index.php\/2026\/08\/21\/nzerekore-en-deuil-le-grand-imam-cheick-ibrahim-sangare-dit-adawi-sest-eteint-a-conakry\/\">\r\n\t\t\t\t\t\t\tN\u2019Z\u00e9r\u00e9kor\u00e9 en deuil : le grand imam Cheick Ibrahim SANGAR\u00c9, dit \u00ab Adawi \u00bb, s\u2019est \u00e9teint \u00e0 Conakry\t\t\t\t\t\t<\/a>\r\n\t\t\t\t\t<\/li>\r\n\t\t\t\t\t\t\t<\/ul>\r\n\t<\/div>\r\n\n<p>[\/vc_column][\/vc_row][vc_row][vc_column column_custom_size=\u00a0\u00bb3-main-column\u00a0\u00bb]<div class=\"vc_custom_1656937300372 bs-listing bs-listing-slider-1 bs-listing-single-tab\">\t\t<h3 class=\"section-heading sh-t4 sh-s4 main-term-11\">\r\n\r\n\t\t\r\n\t\t\t\t\t\t\t<a href=\"https:\/\/lereveil224.info\/index.php\/category\/actualite\/\" class=\"main-link\">\r\n\t\t\t\t\t\t\t<span class=\"h-text main-term-11\">\r\n\t\t\t\t\t\t\t\tDerni\u00e8res Nouvelles\t\t\t\t\t\t\t<\/span>\r\n\t\t\t\t<\/a>\r\n\t\t\t\r\n\t\t\r\n\t\t<\/h3>\r\n\t\t\t<div class=\"bs-shortcode bs-slider bs-slider-1 clearfix  l-1\">\r\n\r\n\t\t<div class=\"better-slider\" id=\"slider-1586283473\"\r\n\t\t     data-slideshowSpeed=\"7000\"\r\n\t\t     data-animation=\"fade\"\r\n\t\t     data-controlNav=\"0\"\r\n\t\t     data-animationSpeed=\"600\">\r\n\t\t\t<ul class=\"slides\">\r\n\t\t\t\t\t\t\t\t\t<li class=\"slide bs-slider-item bs-slider-1-item main-term-11 has-post-thumbnail\">\r\n\t\t\t\t\t\t<div class=\"item-content\">\r\n\r\n\t\t\t\t\t\t\t<a class=\"img-cont\" href=\"https:\/\/lereveil224.info\/index.php\/2026\/09\/03\/tragedie-a-dar-es-salam-les-35-victimes-seront-inhumees-ce-vendredi-a-bambeto\/\"\r\n\t\t\t\t\t\t\t   style=\"background-image: url('https:\/\/lereveil224.info\/wp-content\/uploads\/2026\/09\/HRTYj1tXQAAsm5X.jpg')\"><\/a>\r\n\t\t\t\t\t\t\t<div class=\"term-badges floated\"><span class=\"term-badge term-11\"><a href=\"https:\/\/lereveil224.info\/index.php\/category\/actualite\/\">Actualit\u00e9<\/a><\/span><\/div>\t\t\t\t\t\t\t<div class=\"content-container\">\r\n\t\t\t\t\t\t\t\t<h3 class=\"title\">\t\t\t\t\t\t\t\t<a class=\"post-url post-title\" href=\"https:\/\/lereveil224.info\/index.php\/2026\/09\/03\/tragedie-a-dar-es-salam-les-35-victimes-seront-inhumees-ce-vendredi-a-bambeto\/\">\r\n\t\t\t\t\t\t\t\t\tTrag\u00e9die \u00e0 Dar-es-Salam : les 35 victimes seront inhum\u00e9es ce vendredi \u00e0 Bamb\u00e9to\t\t\t\t\t\t\t\t<\/a>\r\n\t\t\t\t\t\t\t\t<\/h3>\t\t<div class=\"post-meta\">\r\n\r\n\t\t\t\t\t\t\t<a href=\"https:\/\/lereveil224.info\/index.php\/author\/mamadouba-camara\/\"\r\n\t\t\t\t   title=\"Parcourir les articles Auteur\"\r\n\t\t\t\t   class=\"post-author-a\">\r\n\t\t\t\t\t<i class=\"post-author author\">\r\n\t\t\t\t\t\tmamadouba camara\t\t\t\t\t<\/i>\r\n\t\t\t\t<\/a>\r\n\t\t\t\t\t\t\t<span class=\"time\"><time class=\"post-published updated\"\r\n\t\t\t\t                         datetime=\"2026-09-03T16:04:55+00:00\">Sep 3, 2026<\/time><\/span>\r\n\t\t\t\t<a href=\"https:\/\/lereveil224.info\/index.php\/2026\/09\/03\/tragedie-a-dar-es-salam-les-35-victimes-seront-inhumees-ce-vendredi-a-bambeto\/#respond\" title=\"Laisser un commentaire sur: &quot;Trag\u00e9die \u00e0 Dar-es-Salam : les 35 victimes seront inhum\u00e9es ce vendredi \u00e0 Bamb\u00e9to&quot;\" class=\"comments\"><i class=\"fa fa-comments-o\"><\/i> 0<\/a>\t\t<\/div>\r\n\t\t\t\t\t\t\t\t\t<\/div>\r\n\t\t\t\t\t\t<\/div>\r\n\t\t\t\t\t<\/li>\r\n\t\t\t\t\t\t\t\t\t\t<li class=\"slide bs-slider-item bs-slider-1-item main-term-11 has-post-thumbnail\">\r\n\t\t\t\t\t\t<div class=\"item-content\">\r\n\r\n\t\t\t\t\t\t\t<a class=\"img-cont\" href=\"https:\/\/lereveil224.info\/index.php\/2026\/09\/02\/joie-au-palais-presidentiel-mamadi-doumbouya-annonce-la-naissance-dune-petite-fille\/\"\r\n\t\t\t\t\t\t\t   style=\"background-image: url('https:\/\/lereveil224.info\/wp-content\/uploads\/2026\/09\/HRNwSUjW4AcUN7n.jpg')\"><\/a>\r\n\t\t\t\t\t\t\t<div class=\"term-badges floated\"><span class=\"term-badge term-11\"><a href=\"https:\/\/lereveil224.info\/index.php\/category\/actualite\/\">Actualit\u00e9<\/a><\/span><\/div>\t\t\t\t\t\t\t<div class=\"content-container\">\r\n\t\t\t\t\t\t\t\t<h3 class=\"title\">\t\t\t\t\t\t\t\t<a class=\"post-url post-title\" href=\"https:\/\/lereveil224.info\/index.php\/2026\/09\/02\/joie-au-palais-presidentiel-mamadi-doumbouya-annonce-la-naissance-dune-petite-fille\/\">\r\n\t\t\t\t\t\t\t\t\tJoie au Palais pr\u00e9sidentiel : Mamadi Doumbouya annonce la naissance d\u2019une petite&hellip;\t\t\t\t\t\t\t\t<\/a>\r\n\t\t\t\t\t\t\t\t<\/h3>\t\t<div class=\"post-meta\">\r\n\r\n\t\t\t\t\t\t\t<a href=\"https:\/\/lereveil224.info\/index.php\/author\/mamadouba-camara\/\"\r\n\t\t\t\t   title=\"Parcourir les articles Auteur\"\r\n\t\t\t\t   class=\"post-author-a\">\r\n\t\t\t\t\t<i class=\"post-author author\">\r\n\t\t\t\t\t\tmamadouba camara\t\t\t\t\t<\/i>\r\n\t\t\t\t<\/a>\r\n\t\t\t\t\t\t\t<span class=\"time\"><time class=\"post-published updated\"\r\n\t\t\t\t                         datetime=\"2026-09-02T14:23:10+00:00\">Sep 2, 2026<\/time><\/span>\r\n\t\t\t\t<a href=\"https:\/\/lereveil224.info\/index.php\/2026\/09\/02\/joie-au-palais-presidentiel-mamadi-doumbouya-annonce-la-naissance-dune-petite-fille\/#respond\" title=\"Laisser un commentaire sur: &quot;Joie au Palais pr\u00e9sidentiel : Mamadi Doumbouya annonce la naissance d\u2019une petite fille&quot;\" class=\"comments\"><i class=\"fa fa-comments-o\"><\/i> 0<\/a>\t\t<\/div>\r\n\t\t\t\t\t\t\t\t\t<\/div>\r\n\t\t\t\t\t\t<\/div>\r\n\t\t\t\t\t<\/li>\r\n\t\t\t\t\t\t\t\t\t\t<li class=\"slide bs-slider-item bs-slider-1-item main-term-11 has-post-thumbnail\">\r\n\t\t\t\t\t\t<div class=\"item-content\">\r\n\r\n\t\t\t\t\t\t\t<a class=\"img-cont\" href=\"https:\/\/lereveil224.info\/index.php\/2026\/09\/02\/guinee-bissau-le-oui-simpose-a-70-au-referendum-constitutionnel-un-resultat-deja-conteste\/\"\r\n\t\t\t\t\t\t\t   style=\"background-image: url('https:\/\/lereveil224.info\/wp-content\/uploads\/2026\/09\/IMG_20260902_125812_1200_x_630_pixel-860x452-1.webp')\"><\/a>\r\n\t\t\t\t\t\t\t<div class=\"term-badges floated\"><span class=\"term-badge term-11\"><a href=\"https:\/\/lereveil224.info\/index.php\/category\/actualite\/\">Actualit\u00e9<\/a><\/span><\/div>\t\t\t\t\t\t\t<div class=\"content-container\">\r\n\t\t\t\t\t\t\t\t<h3 class=\"title\">\t\t\t\t\t\t\t\t<a class=\"post-url post-title\" href=\"https:\/\/lereveil224.info\/index.php\/2026\/09\/02\/guinee-bissau-le-oui-simpose-a-70-au-referendum-constitutionnel-un-resultat-deja-conteste\/\">\r\n\t\t\t\t\t\t\t\t\tGuin\u00e9e-Bissau : le \u00ab Oui \u00bb s\u2019impose \u00e0 70 % au r\u00e9f\u00e9rendum constitutionnel, un&hellip;\t\t\t\t\t\t\t\t<\/a>\r\n\t\t\t\t\t\t\t\t<\/h3>\t\t<div class=\"post-meta\">\r\n\r\n\t\t\t\t\t\t\t<a href=\"https:\/\/lereveil224.info\/index.php\/author\/mamadouba-camara\/\"\r\n\t\t\t\t   title=\"Parcourir les articles Auteur\"\r\n\t\t\t\t   class=\"post-author-a\">\r\n\t\t\t\t\t<i class=\"post-author author\">\r\n\t\t\t\t\t\tmamadouba camara\t\t\t\t\t<\/i>\r\n\t\t\t\t<\/a>\r\n\t\t\t\t\t\t\t<span class=\"time\"><time class=\"post-published updated\"\r\n\t\t\t\t                         datetime=\"2026-09-02T13:46:43+00:00\">Sep 2, 2026<\/time><\/span>\r\n\t\t\t\t<a href=\"https:\/\/lereveil224.info\/index.php\/2026\/09\/02\/guinee-bissau-le-oui-simpose-a-70-au-referendum-constitutionnel-un-resultat-deja-conteste\/#respond\" title=\"Laisser un commentaire sur: &quot;Guin\u00e9e-Bissau : le \u00ab Oui \u00bb s\u2019impose \u00e0 70 % au r\u00e9f\u00e9rendum constitutionnel, un r\u00e9sultat d\u00e9j\u00e0 contest\u00e9&quot;\" class=\"comments\"><i class=\"fa fa-comments-o\"><\/i> 0<\/a>\t\t<\/div>\r\n\t\t\t\t\t\t\t\t\t<\/div>\r\n\t\t\t\t\t\t<\/div>\r\n\t\t\t\t\t<\/li>\r\n\t\t\t\t\t\t\t\t\t\t<li class=\"slide bs-slider-item bs-slider-1-item main-term-11 has-post-thumbnail\">\r\n\t\t\t\t\t\t<div class=\"item-content\">\r\n\r\n\t\t\t\t\t\t\t<a class=\"img-cont\" href=\"https:\/\/lereveil224.info\/index.php\/2026\/08\/31\/conakry-luemoa-et-la-guinee-sunissent-pour-mieux-combattre-les-derives-des-reseaux-sociaux\/\"\r\n\t\t\t\t\t\t\t   style=\"background-image: url('https:\/\/lereveil224.info\/wp-content\/uploads\/2026\/08\/HRENXinWwAA2LxQ-1080x580.jpg')\"><\/a>\r\n\t\t\t\t\t\t\t<div class=\"term-badges floated\"><span class=\"term-badge term-11\"><a href=\"https:\/\/lereveil224.info\/index.php\/category\/actualite\/\">Actualit\u00e9<\/a><\/span><\/div>\t\t\t\t\t\t\t<div class=\"content-container\">\r\n\t\t\t\t\t\t\t\t<h3 class=\"title\">\t\t\t\t\t\t\t\t<a class=\"post-url post-title\" href=\"https:\/\/lereveil224.info\/index.php\/2026\/08\/31\/conakry-luemoa-et-la-guinee-sunissent-pour-mieux-combattre-les-derives-des-reseaux-sociaux\/\">\r\n\t\t\t\t\t\t\t\t\tConakry : l\u2019UEMOA et la Guin\u00e9e s\u2019unissent pour mieux combattre les d\u00e9rives des&hellip;\t\t\t\t\t\t\t\t<\/a>\r\n\t\t\t\t\t\t\t\t<\/h3>\t\t<div class=\"post-meta\">\r\n\r\n\t\t\t\t\t\t\t<a href=\"https:\/\/lereveil224.info\/index.php\/author\/mamadouba-camara\/\"\r\n\t\t\t\t   title=\"Parcourir les articles Auteur\"\r\n\t\t\t\t   class=\"post-author-a\">\r\n\t\t\t\t\t<i class=\"post-author author\">\r\n\t\t\t\t\t\tmamadouba camara\t\t\t\t\t<\/i>\r\n\t\t\t\t<\/a>\r\n\t\t\t\t\t\t\t<span class=\"time\"><time class=\"post-published updated\"\r\n\t\t\t\t                         datetime=\"2026-08-31T18:11:21+00:00\">Ao\u00fbt 31, 2026<\/time><\/span>\r\n\t\t\t\t<a href=\"https:\/\/lereveil224.info\/index.php\/2026\/08\/31\/conakry-luemoa-et-la-guinee-sunissent-pour-mieux-combattre-les-derives-des-reseaux-sociaux\/#respond\" title=\"Laisser un commentaire sur: &quot;Conakry : l\u2019UEMOA et la Guin\u00e9e s\u2019unissent pour mieux combattre les d\u00e9rives des r\u00e9seaux sociaux&quot;\" class=\"comments\"><i class=\"fa fa-comments-o\"><\/i> 0<\/a>\t\t<\/div>\r\n\t\t\t\t\t\t\t\t\t<\/div>\r\n\t\t\t\t\t\t<\/div>\r\n\t\t\t\t\t<\/li>\r\n\t\t\t\t\t\t\t\t\t\t<li class=\"slide bs-slider-item bs-slider-1-item main-term-11 has-post-thumbnail\">\r\n\t\t\t\t\t\t<div class=\"item-content\">\r\n\r\n\t\t\t\t\t\t\t<a class=\"img-cont\" href=\"https:\/\/lereveil224.info\/index.php\/2026\/08\/28\/medias-en-guinee-boubacar-yacine-diallo-salue-les-journalistes-et-annonce-un-nouvel-assainissement\/\"\r\n\t\t\t\t\t\t\t   style=\"background-image: url('https:\/\/lereveil224.info\/wp-content\/uploads\/2026\/08\/HQ0rz3PWwAAlCSK.jpg')\"><\/a>\r\n\t\t\t\t\t\t\t<div class=\"term-badges floated\"><span class=\"term-badge term-11\"><a href=\"https:\/\/lereveil224.info\/index.php\/category\/actualite\/\">Actualit\u00e9<\/a><\/span><\/div>\t\t\t\t\t\t\t<div class=\"content-container\">\r\n\t\t\t\t\t\t\t\t<h3 class=\"title\">\t\t\t\t\t\t\t\t<a class=\"post-url post-title\" href=\"https:\/\/lereveil224.info\/index.php\/2026\/08\/28\/medias-en-guinee-boubacar-yacine-diallo-salue-les-journalistes-et-annonce-un-nouvel-assainissement\/\">\r\n\t\t\t\t\t\t\t\t\tM\u00e9dias en Guin\u00e9e : Boubacar Yacine Diallo salue les journalistes et annonce un&hellip;\t\t\t\t\t\t\t\t<\/a>\r\n\t\t\t\t\t\t\t\t<\/h3>\t\t<div class=\"post-meta\">\r\n\r\n\t\t\t\t\t\t\t<a href=\"https:\/\/lereveil224.info\/index.php\/author\/mamadouba-camara\/\"\r\n\t\t\t\t   title=\"Parcourir les articles Auteur\"\r\n\t\t\t\t   class=\"post-author-a\">\r\n\t\t\t\t\t<i class=\"post-author author\">\r\n\t\t\t\t\t\tmamadouba camara\t\t\t\t\t<\/i>\r\n\t\t\t\t<\/a>\r\n\t\t\t\t\t\t\t<span class=\"time\"><time class=\"post-published updated\"\r\n\t\t\t\t                         datetime=\"2026-08-28T19:38:18+00:00\">Ao\u00fbt 28, 2026<\/time><\/span>\r\n\t\t\t\t<a href=\"https:\/\/lereveil224.info\/index.php\/2026\/08\/28\/medias-en-guinee-boubacar-yacine-diallo-salue-les-journalistes-et-annonce-un-nouvel-assainissement\/#respond\" title=\"Laisser un commentaire sur: &quot;M\u00e9dias en Guin\u00e9e : Boubacar Yacine Diallo salue les journalistes et annonce un nouvel assainissement&quot;\" class=\"comments\"><i class=\"fa fa-comments-o\"><\/i> 0<\/a>\t\t<\/div>\r\n\t\t\t\t\t\t\t\t\t<\/div>\r\n\t\t\t\t\t\t<\/div>\r\n\t\t\t\t\t<\/li>\r\n\t\t\t\t\t\t\t\t<\/ul>\r\n\t\t<\/div>\r\n\t<\/div>\r\n<\/div><div class=\" bs-listing bs-listing-listing-thumbnail-2 bs-listing-single-tab\">\t<div class=\"listing listing-thumbnail listing-tb-2 clearfix scolumns-3 bsw-7 \">\r\n\t<article  class=\"post-12128 type-post format-standard has-post-thumbnail   listing-item listing-item-thumbnail listing-item-tb-2 main-term-11\">\r\n<div class=\"item-inner clearfix\">\r\n\t\t\t<div class=\"featured featured-type-featured-image\">\r\n\t\t\t<div class=\"term-badges floated\"><span class=\"term-badge term-11\"><a href=\"https:\/\/lereveil224.info\/index.php\/category\/actualite\/\">Actualit\u00e9<\/a><\/span><\/div>\t\t\t<a  title=\"Trag\u00e9die \u00e0 Dar-es-Salam : les 35 victimes seront inhum\u00e9es ce vendredi \u00e0 Bamb\u00e9to\" data-src=\"https:\/\/lereveil224.info\/wp-content\/uploads\/2026\/09\/HRTYj1tXQAAsm5X-210x136.jpg\" data-bs-srcset=\"{&quot;baseurl&quot;:&quot;https:\\\/\\\/lereveil224.info\\\/wp-content\\\/uploads\\\/2026\\\/09\\\/&quot;,&quot;sizes&quot;:{&quot;86&quot;:&quot;HRTYj1tXQAAsm5X-86x64.jpg&quot;,&quot;210&quot;:&quot;HRTYj1tXQAAsm5X-210x136.jpg&quot;,&quot;279&quot;:&quot;HRTYj1tXQAAsm5X-279x220.jpg&quot;,&quot;357&quot;:&quot;HRTYj1tXQAAsm5X-357x210.jpg&quot;,&quot;750&quot;:&quot;HRTYj1tXQAAsm5X-750x430.jpg&quot;,&quot;1020&quot;:&quot;HRTYj1tXQAAsm5X.jpg&quot;}}\"\t\t\t\t\tclass=\"img-holder\" href=\"https:\/\/lereveil224.info\/index.php\/2026\/09\/03\/tragedie-a-dar-es-salam-les-35-victimes-seront-inhumees-ce-vendredi-a-bambeto\/\"><\/a>\r\n\t\t\t\t\t<\/div>\r\n\t<h2 class=\"title\">\t<a class=\"post-url\" href=\"https:\/\/lereveil224.info\/index.php\/2026\/09\/03\/tragedie-a-dar-es-salam-les-35-victimes-seront-inhumees-ce-vendredi-a-bambeto\/\" title=\"Trag\u00e9die \u00e0 Dar-es-Salam : les 35 victimes seront inhum\u00e9es ce vendredi \u00e0 Bamb\u00e9to\">\r\n\t\t\t<span class=\"post-title\">\r\n\t\t\t\tTrag\u00e9die \u00e0 Dar-es-Salam : les 35 victimes seront inhum\u00e9es ce&hellip;\t\t\t<\/span>\r\n\t<\/a>\r\n\t<\/h2><\/div>\r\n<\/article >\r\n<article  class=\"post-12125 type-post format-standard has-post-thumbnail   listing-item listing-item-thumbnail listing-item-tb-2 main-term-11\">\r\n<div class=\"item-inner clearfix\">\r\n\t\t\t<div class=\"featured featured-type-featured-image\">\r\n\t\t\t<div class=\"term-badges floated\"><span class=\"term-badge term-11\"><a href=\"https:\/\/lereveil224.info\/index.php\/category\/actualite\/\">Actualit\u00e9<\/a><\/span><\/div>\t\t\t<a  title=\"Joie au Palais pr\u00e9sidentiel : Mamadi Doumbouya annonce la naissance d\u2019une petite fille\" data-src=\"https:\/\/lereveil224.info\/wp-content\/uploads\/2026\/09\/HRNwSUjW4AcUN7n-210x136.jpg\" data-bs-srcset=\"{&quot;baseurl&quot;:&quot;https:\\\/\\\/lereveil224.info\\\/wp-content\\\/uploads\\\/2026\\\/09\\\/&quot;,&quot;sizes&quot;:{&quot;86&quot;:&quot;HRNwSUjW4AcUN7n-86x64.jpg&quot;,&quot;210&quot;:&quot;HRNwSUjW4AcUN7n-210x136.jpg&quot;,&quot;279&quot;:&quot;HRNwSUjW4AcUN7n-279x220.jpg&quot;,&quot;357&quot;:&quot;HRNwSUjW4AcUN7n-357x210.jpg&quot;,&quot;620&quot;:&quot;HRNwSUjW4AcUN7n.jpg&quot;}}\"\t\t\t\t\tclass=\"img-holder\" href=\"https:\/\/lereveil224.info\/index.php\/2026\/09\/02\/joie-au-palais-presidentiel-mamadi-doumbouya-annonce-la-naissance-dune-petite-fille\/\"><\/a>\r\n\t\t\t\t\t<\/div>\r\n\t<h2 class=\"title\">\t<a class=\"post-url\" href=\"https:\/\/lereveil224.info\/index.php\/2026\/09\/02\/joie-au-palais-presidentiel-mamadi-doumbouya-annonce-la-naissance-dune-petite-fille\/\" title=\"Joie au Palais pr\u00e9sidentiel : Mamadi Doumbouya annonce la naissance d\u2019une petite fille\">\r\n\t\t\t<span class=\"post-title\">\r\n\t\t\t\tJoie au Palais pr\u00e9sidentiel : Mamadi Doumbouya annonce la&hellip;\t\t\t<\/span>\r\n\t<\/a>\r\n\t<\/h2><\/div>\r\n<\/article >\r\n<article  class=\"post-12122 type-post format-standard has-post-thumbnail   listing-item listing-item-thumbnail listing-item-tb-2 main-term-11\">\r\n<div class=\"item-inner clearfix\">\r\n\t\t\t<div class=\"featured featured-type-featured-image\">\r\n\t\t\t<div class=\"term-badges floated\"><span class=\"term-badge term-11\"><a href=\"https:\/\/lereveil224.info\/index.php\/category\/actualite\/\">Actualit\u00e9<\/a><\/span><\/div>\t\t\t<a  title=\"Guin\u00e9e-Bissau : le \u00ab Oui \u00bb s\u2019impose \u00e0 70 % au r\u00e9f\u00e9rendum constitutionnel, un r\u00e9sultat d\u00e9j\u00e0 contest\u00e9\" data-src=\"https:\/\/lereveil224.info\/wp-content\/uploads\/2026\/09\/IMG_20260902_125812_1200_x_630_pixel-860x452-1-210x136.webp\" data-bs-srcset=\"{&quot;baseurl&quot;:&quot;https:\\\/\\\/lereveil224.info\\\/wp-content\\\/uploads\\\/2026\\\/09\\\/&quot;,&quot;sizes&quot;:{&quot;86&quot;:&quot;IMG_20260902_125812_1200_x_630_pixel-860x452-1-86x64.webp&quot;,&quot;210&quot;:&quot;IMG_20260902_125812_1200_x_630_pixel-860x452-1-210x136.webp&quot;,&quot;279&quot;:&quot;IMG_20260902_125812_1200_x_630_pixel-860x452-1-279x220.webp&quot;,&quot;357&quot;:&quot;IMG_20260902_125812_1200_x_630_pixel-860x452-1-357x210.webp&quot;,&quot;750&quot;:&quot;IMG_20260902_125812_1200_x_630_pixel-860x452-1-750x430.webp&quot;,&quot;860&quot;:&quot;IMG_20260902_125812_1200_x_630_pixel-860x452-1.webp&quot;}}\"\t\t\t\t\tclass=\"img-holder\" href=\"https:\/\/lereveil224.info\/index.php\/2026\/09\/02\/guinee-bissau-le-oui-simpose-a-70-au-referendum-constitutionnel-un-resultat-deja-conteste\/\"><\/a>\r\n\t\t\t\t\t<\/div>\r\n\t<h2 class=\"title\">\t<a class=\"post-url\" href=\"https:\/\/lereveil224.info\/index.php\/2026\/09\/02\/guinee-bissau-le-oui-simpose-a-70-au-referendum-constitutionnel-un-resultat-deja-conteste\/\" title=\"Guin\u00e9e-Bissau : le \u00ab Oui \u00bb s\u2019impose \u00e0 70 % au r\u00e9f\u00e9rendum constitutionnel, un r\u00e9sultat d\u00e9j\u00e0 contest\u00e9\">\r\n\t\t\t<span class=\"post-title\">\r\n\t\t\t\tGuin\u00e9e-Bissau : le \u00ab Oui \u00bb s\u2019impose \u00e0 70 % au r\u00e9f\u00e9rendum&hellip;\t\t\t<\/span>\r\n\t<\/a>\r\n\t<\/h2><\/div>\r\n<\/article >\r\n\t<\/div>\r\n\t<\/div><div class=\" bs-listing bs-listing-listing-blog-1 bs-listing-single-tab\">\t<div class=\"listing listing-blog listing-blog-5 clearfix columns-1\">\r\n\t\t<article class=\"post-12128 type-post format-standard has-post-thumbnail   listing-item listing-item-blog  listing-item-blog-5 main-term-11 bsw-7 \">\r\n\t<div class=\"item-inner clearfix\">\r\n\r\n\t\t\t\t\t<div class=\"featured clearfix\">\r\n\t\t\t\t<div class=\"term-badges floated\"><span class=\"term-badge term-11\"><a href=\"https:\/\/lereveil224.info\/index.php\/category\/actualite\/\">Actualit\u00e9<\/a><\/span><\/div>\t\t\t\t<a  title=\"Trag\u00e9die \u00e0 Dar-es-Salam : les 35 victimes seront inhum\u00e9es ce vendredi \u00e0 Bamb\u00e9to\" data-src=\"https:\/\/lereveil224.info\/wp-content\/uploads\/2026\/09\/HRTYj1tXQAAsm5X-357x210.jpg\" data-bs-srcset=\"{&quot;baseurl&quot;:&quot;https:\\\/\\\/lereveil224.info\\\/wp-content\\\/uploads\\\/2026\\\/09\\\/&quot;,&quot;sizes&quot;:{&quot;210&quot;:&quot;HRTYj1tXQAAsm5X-210x136.jpg&quot;,&quot;279&quot;:&quot;HRTYj1tXQAAsm5X-279x220.jpg&quot;,&quot;357&quot;:&quot;HRTYj1tXQAAsm5X-357x210.jpg&quot;,&quot;750&quot;:&quot;HRTYj1tXQAAsm5X-750x430.jpg&quot;,&quot;1020&quot;:&quot;HRTYj1tXQAAsm5X.jpg&quot;}}\"\t\t\t\t\t\tclass=\"img-holder\" href=\"https:\/\/lereveil224.info\/index.php\/2026\/09\/03\/tragedie-a-dar-es-salam-les-35-victimes-seront-inhumees-ce-vendredi-a-bambeto\/\"><\/a>\r\n\t\t\t\t\t\t\t<\/div>\r\n\t\t<h2 class=\"title\">\t\t<a href=\"https:\/\/lereveil224.info\/index.php\/2026\/09\/03\/tragedie-a-dar-es-salam-les-35-victimes-seront-inhumees-ce-vendredi-a-bambeto\/\" class=\"post-title post-url\">\r\n\t\t\tTrag\u00e9die \u00e0 Dar-es-Salam : les 35 victimes seront inhum\u00e9es ce vendredi \u00e0 Bamb\u00e9to\t\t<\/a>\r\n\t\t<\/h2>\t\t<div class=\"post-meta\">\r\n\r\n\t\t\t\t\t\t\t<a href=\"https:\/\/lereveil224.info\/index.php\/author\/mamadouba-camara\/\"\r\n\t\t\t\t   title=\"Parcourir les articles Auteur\"\r\n\t\t\t\t   class=\"post-author-a\">\r\n\t\t\t\t\t<i class=\"post-author author\">\r\n\t\t\t\t\t\tmamadouba camara\t\t\t\t\t<\/i>\r\n\t\t\t\t<\/a>\r\n\t\t\t\t\t\t\t<span class=\"time\"><time class=\"post-published updated\"\r\n\t\t\t\t                         datetime=\"2026-09-03T16:04:55+00:00\">Sep 3, 2026<\/time><\/span>\r\n\t\t\t\t<a href=\"https:\/\/lereveil224.info\/index.php\/2026\/09\/03\/tragedie-a-dar-es-salam-les-35-victimes-seront-inhumees-ce-vendredi-a-bambeto\/#respond\" title=\"Laisser un commentaire sur: &quot;Trag\u00e9die \u00e0 Dar-es-Salam : les 35 victimes seront inhum\u00e9es ce vendredi \u00e0 Bamb\u00e9to&quot;\" class=\"comments\"><i class=\"fa fa-comments-o\"><\/i> 0<\/a>\t\t<\/div>\r\n\t\t\t\t\t<div class=\"post-summary\">\r\n\t\t\t\t<!-- wp:paragraph -->\nLes 35 personnes d\u00e9c\u00e9d\u00e9es dans l\u2019\u00e9boulement meurtrier survenu \u00e0 la d\u00e9charge de Dar-es-Salam seront inhum\u00e9es ce vendredi 4 septembre 2026 au cimeti\u00e8re de Bamb\u00e9to, \u00e0 Conakry.\n<!-- \/wp:paragraph -->\n\n<!-- wp:paragraph -->L\u2019annonce a \u00e9t\u00e9 faite ce jeudi par le gouvernement guin\u00e9en \u00e0<\/!--><\/!--><\/!-->&hellip;\t\t\t\t\t<br><a class=\"read-more\"\r\n\t\t\t\t\t       href=\"https:\/\/lereveil224.info\/index.php\/2026\/09\/03\/tragedie-a-dar-es-salam-les-35-victimes-seront-inhumees-ce-vendredi-a-bambeto\/\">Lire la suite...<\/a>\r\n\t\t\t\t\t\t\t<\/div>\r\n\t\t\t\t<\/div>\r\n\t<\/article >\r\n\t<article class=\"post-12125 type-post format-standard has-post-thumbnail   listing-item listing-item-blog  listing-item-blog-5 main-term-11 bsw-7 \">\r\n\t<div class=\"item-inner clearfix\">\r\n\r\n\t\t\t\t\t<div class=\"featured clearfix\">\r\n\t\t\t\t<div class=\"term-badges floated\"><span class=\"term-badge term-11\"><a href=\"https:\/\/lereveil224.info\/index.php\/category\/actualite\/\">Actualit\u00e9<\/a><\/span><\/div>\t\t\t\t<a  title=\"Joie au Palais pr\u00e9sidentiel : Mamadi Doumbouya annonce la naissance d\u2019une petite fille\" data-src=\"https:\/\/lereveil224.info\/wp-content\/uploads\/2026\/09\/HRNwSUjW4AcUN7n-357x210.jpg\" data-bs-srcset=\"{&quot;baseurl&quot;:&quot;https:\\\/\\\/lereveil224.info\\\/wp-content\\\/uploads\\\/2026\\\/09\\\/&quot;,&quot;sizes&quot;:{&quot;210&quot;:&quot;HRNwSUjW4AcUN7n-210x136.jpg&quot;,&quot;279&quot;:&quot;HRNwSUjW4AcUN7n-279x220.jpg&quot;,&quot;357&quot;:&quot;HRNwSUjW4AcUN7n-357x210.jpg&quot;,&quot;620&quot;:&quot;HRNwSUjW4AcUN7n.jpg&quot;}}\"\t\t\t\t\t\tclass=\"img-holder\" href=\"https:\/\/lereveil224.info\/index.php\/2026\/09\/02\/joie-au-palais-presidentiel-mamadi-doumbouya-annonce-la-naissance-dune-petite-fille\/\"><\/a>\r\n\t\t\t\t\t\t\t<\/div>\r\n\t\t<h2 class=\"title\">\t\t<a href=\"https:\/\/lereveil224.info\/index.php\/2026\/09\/02\/joie-au-palais-presidentiel-mamadi-doumbouya-annonce-la-naissance-dune-petite-fille\/\" class=\"post-title post-url\">\r\n\t\t\tJoie au Palais pr\u00e9sidentiel : Mamadi Doumbouya annonce la naissance d\u2019une petite fille\t\t<\/a>\r\n\t\t<\/h2>\t\t<div class=\"post-meta\">\r\n\r\n\t\t\t\t\t\t\t<a href=\"https:\/\/lereveil224.info\/index.php\/author\/mamadouba-camara\/\"\r\n\t\t\t\t   title=\"Parcourir les articles Auteur\"\r\n\t\t\t\t   class=\"post-author-a\">\r\n\t\t\t\t\t<i class=\"post-author author\">\r\n\t\t\t\t\t\tmamadouba camara\t\t\t\t\t<\/i>\r\n\t\t\t\t<\/a>\r\n\t\t\t\t\t\t\t<span class=\"time\"><time class=\"post-published updated\"\r\n\t\t\t\t                         datetime=\"2026-09-02T14:23:10+00:00\">Sep 2, 2026<\/time><\/span>\r\n\t\t\t\t<a href=\"https:\/\/lereveil224.info\/index.php\/2026\/09\/02\/joie-au-palais-presidentiel-mamadi-doumbouya-annonce-la-naissance-dune-petite-fille\/#respond\" title=\"Laisser un commentaire sur: &quot;Joie au Palais pr\u00e9sidentiel : Mamadi Doumbouya annonce la naissance d\u2019une petite fille&quot;\" class=\"comments\"><i class=\"fa fa-comments-o\"><\/i> 0<\/a>\t\t<\/div>\r\n\t\t\t\t\t<div class=\"post-summary\">\r\n\t\t\t\t<!-- wp:paragraph -->\nLe Palais pr\u00e9sidentiel est en f\u00eate. Le Pr\u00e9sident de la R\u00e9publique de Guin\u00e9e, Mamadi Doumbouya, a annonc\u00e9 ce mercredi 2 septembre 2026 la naissance d\u2019une petite fille au sein de son foyer.\n<!-- \/wp:paragraph -->\n\n<!-- wp:paragraph -->L\u2019accouchement a eu lieu \u00e0 2 heures du matin.<\/!--><\/!--><\/!-->&hellip;\t\t\t\t\t<br><a class=\"read-more\"\r\n\t\t\t\t\t       href=\"https:\/\/lereveil224.info\/index.php\/2026\/09\/02\/joie-au-palais-presidentiel-mamadi-doumbouya-annonce-la-naissance-dune-petite-fille\/\">Lire la suite...<\/a>\r\n\t\t\t\t\t\t\t<\/div>\r\n\t\t\t\t<\/div>\r\n\t<\/article >\r\n\t<article class=\"post-12122 type-post format-standard has-post-thumbnail   listing-item listing-item-blog  listing-item-blog-5 main-term-11 bsw-7 \">\r\n\t<div class=\"item-inner clearfix\">\r\n\r\n\t\t\t\t\t<div class=\"featured clearfix\">\r\n\t\t\t\t<div class=\"term-badges floated\"><span class=\"term-badge term-11\"><a href=\"https:\/\/lereveil224.info\/index.php\/category\/actualite\/\">Actualit\u00e9<\/a><\/span><\/div>\t\t\t\t<a  title=\"Guin\u00e9e-Bissau : le \u00ab Oui \u00bb s\u2019impose \u00e0 70 % au r\u00e9f\u00e9rendum constitutionnel, un r\u00e9sultat d\u00e9j\u00e0 contest\u00e9\" data-src=\"https:\/\/lereveil224.info\/wp-content\/uploads\/2026\/09\/IMG_20260902_125812_1200_x_630_pixel-860x452-1-357x210.webp\" data-bs-srcset=\"{&quot;baseurl&quot;:&quot;https:\\\/\\\/lereveil224.info\\\/wp-content\\\/uploads\\\/2026\\\/09\\\/&quot;,&quot;sizes&quot;:{&quot;210&quot;:&quot;IMG_20260902_125812_1200_x_630_pixel-860x452-1-210x136.webp&quot;,&quot;279&quot;:&quot;IMG_20260902_125812_1200_x_630_pixel-860x452-1-279x220.webp&quot;,&quot;357&quot;:&quot;IMG_20260902_125812_1200_x_630_pixel-860x452-1-357x210.webp&quot;,&quot;750&quot;:&quot;IMG_20260902_125812_1200_x_630_pixel-860x452-1-750x430.webp&quot;,&quot;860&quot;:&quot;IMG_20260902_125812_1200_x_630_pixel-860x452-1.webp&quot;}}\"\t\t\t\t\t\tclass=\"img-holder\" href=\"https:\/\/lereveil224.info\/index.php\/2026\/09\/02\/guinee-bissau-le-oui-simpose-a-70-au-referendum-constitutionnel-un-resultat-deja-conteste\/\"><\/a>\r\n\t\t\t\t\t\t\t<\/div>\r\n\t\t<h2 class=\"title\">\t\t<a href=\"https:\/\/lereveil224.info\/index.php\/2026\/09\/02\/guinee-bissau-le-oui-simpose-a-70-au-referendum-constitutionnel-un-resultat-deja-conteste\/\" class=\"post-title post-url\">\r\n\t\t\tGuin\u00e9e-Bissau : le \u00ab Oui \u00bb s\u2019impose \u00e0 70 % au r\u00e9f\u00e9rendum constitutionnel, un r\u00e9sultat d\u00e9j\u00e0 contest\u00e9\t\t<\/a>\r\n\t\t<\/h2>\t\t<div class=\"post-meta\">\r\n\r\n\t\t\t\t\t\t\t<a href=\"https:\/\/lereveil224.info\/index.php\/author\/mamadouba-camara\/\"\r\n\t\t\t\t   title=\"Parcourir les articles Auteur\"\r\n\t\t\t\t   class=\"post-author-a\">\r\n\t\t\t\t\t<i class=\"post-author author\">\r\n\t\t\t\t\t\tmamadouba camara\t\t\t\t\t<\/i>\r\n\t\t\t\t<\/a>\r\n\t\t\t\t\t\t\t<span class=\"time\"><time class=\"post-published updated\"\r\n\t\t\t\t                         datetime=\"2026-09-02T13:46:43+00:00\">Sep 2, 2026<\/time><\/span>\r\n\t\t\t\t<a href=\"https:\/\/lereveil224.info\/index.php\/2026\/09\/02\/guinee-bissau-le-oui-simpose-a-70-au-referendum-constitutionnel-un-resultat-deja-conteste\/#respond\" title=\"Laisser un commentaire sur: &quot;Guin\u00e9e-Bissau : le \u00ab Oui \u00bb s\u2019impose \u00e0 70 % au r\u00e9f\u00e9rendum constitutionnel, un r\u00e9sultat d\u00e9j\u00e0 contest\u00e9&quot;\" class=\"comments\"><i class=\"fa fa-comments-o\"><\/i> 0<\/a>\t\t<\/div>\r\n\t\t\t\t\t<div class=\"post-summary\">\r\n\t\t\t\t<!-- wp:paragraph -->Trois jours apr\u00e8s le r\u00e9f\u00e9rendum constitutionnel du 30 ao\u00fbt 2026, la Guin\u00e9e-Bissau entre dans une nouvelle phase politique. Selon les r\u00e9sultats provisoires annonc\u00e9s par la Commission nationale \u00e9lectorale, le projet de nouvelle Constitution<\/!-->&hellip;\t\t\t\t\t<br><a class=\"read-more\"\r\n\t\t\t\t\t       href=\"https:\/\/lereveil224.info\/index.php\/2026\/09\/02\/guinee-bissau-le-oui-simpose-a-70-au-referendum-constitutionnel-un-resultat-deja-conteste\/\">Lire la suite...<\/a>\r\n\t\t\t\t\t\t\t<\/div>\r\n\t\t\t\t<\/div>\r\n\t<\/article >\r\n\t<article class=\"post-12110 type-post format-standard has-post-thumbnail   listing-item listing-item-blog  listing-item-blog-5 main-term-11 bsw-7 \">\r\n\t<div class=\"item-inner clearfix\">\r\n\r\n\t\t\t\t\t<div class=\"featured clearfix\">\r\n\t\t\t\t<div class=\"term-badges floated\"><span class=\"term-badge term-11\"><a href=\"https:\/\/lereveil224.info\/index.php\/category\/actualite\/\">Actualit\u00e9<\/a><\/span><\/div>\t\t\t\t<a  title=\"Conakry : l\u2019UEMOA et la Guin\u00e9e s\u2019unissent pour mieux combattre les d\u00e9rives des r\u00e9seaux sociaux\" data-src=\"https:\/\/lereveil224.info\/wp-content\/uploads\/2026\/08\/HRENXinWwAA2LxQ-357x210.jpg\" data-bs-srcset=\"{&quot;baseurl&quot;:&quot;https:\\\/\\\/lereveil224.info\\\/wp-content\\\/uploads\\\/2026\\\/08\\\/&quot;,&quot;sizes&quot;:{&quot;210&quot;:&quot;HRENXinWwAA2LxQ-210x136.jpg&quot;,&quot;279&quot;:&quot;HRENXinWwAA2LxQ-279x220.jpg&quot;,&quot;357&quot;:&quot;HRENXinWwAA2LxQ-357x210.jpg&quot;,&quot;750&quot;:&quot;HRENXinWwAA2LxQ-750x430.jpg&quot;,&quot;1080&quot;:&quot;HRENXinWwAA2LxQ.jpg&quot;}}\"\t\t\t\t\t\tclass=\"img-holder\" href=\"https:\/\/lereveil224.info\/index.php\/2026\/08\/31\/conakry-luemoa-et-la-guinee-sunissent-pour-mieux-combattre-les-derives-des-reseaux-sociaux\/\"><\/a>\r\n\t\t\t\t\t\t\t<\/div>\r\n\t\t<h2 class=\"title\">\t\t<a href=\"https:\/\/lereveil224.info\/index.php\/2026\/08\/31\/conakry-luemoa-et-la-guinee-sunissent-pour-mieux-combattre-les-derives-des-reseaux-sociaux\/\" class=\"post-title post-url\">\r\n\t\t\tConakry : l\u2019UEMOA et la Guin\u00e9e s\u2019unissent pour mieux combattre les d\u00e9rives des r\u00e9seaux sociaux\t\t<\/a>\r\n\t\t<\/h2>\t\t<div class=\"post-meta\">\r\n\r\n\t\t\t\t\t\t\t<a href=\"https:\/\/lereveil224.info\/index.php\/author\/mamadouba-camara\/\"\r\n\t\t\t\t   title=\"Parcourir les articles Auteur\"\r\n\t\t\t\t   class=\"post-author-a\">\r\n\t\t\t\t\t<i class=\"post-author author\">\r\n\t\t\t\t\t\tmamadouba camara\t\t\t\t\t<\/i>\r\n\t\t\t\t<\/a>\r\n\t\t\t\t\t\t\t<span class=\"time\"><time class=\"post-published updated\"\r\n\t\t\t\t                         datetime=\"2026-08-31T18:11:21+00:00\">Ao\u00fbt 31, 2026<\/time><\/span>\r\n\t\t\t\t<a href=\"https:\/\/lereveil224.info\/index.php\/2026\/08\/31\/conakry-luemoa-et-la-guinee-sunissent-pour-mieux-combattre-les-derives-des-reseaux-sociaux\/#respond\" title=\"Laisser un commentaire sur: &quot;Conakry : l\u2019UEMOA et la Guin\u00e9e s\u2019unissent pour mieux combattre les d\u00e9rives des r\u00e9seaux sociaux&quot;\" class=\"comments\"><i class=\"fa fa-comments-o\"><\/i> 0<\/a>\t\t<\/div>\r\n\t\t\t\t\t<div class=\"post-summary\">\r\n\t\t\t\t<!-- wp:paragraph -->La capitale guin\u00e9enne est au c\u0153ur des r\u00e9flexions sur l\u2019avenir de la r\u00e9gulation de l\u2019espace num\u00e9rique. Les travaux de la 12e Assembl\u00e9e g\u00e9n\u00e9rale de la Plateforme des R\u00e9gulateurs de l\u2019Audiovisuel des pays membres de l\u2019UEMOA et de la Guin\u00e9e<\/!-->&hellip;\t\t\t\t\t<br><a class=\"read-more\"\r\n\t\t\t\t\t       href=\"https:\/\/lereveil224.info\/index.php\/2026\/08\/31\/conakry-luemoa-et-la-guinee-sunissent-pour-mieux-combattre-les-derives-des-reseaux-sociaux\/\">Lire la suite...<\/a>\r\n\t\t\t\t\t\t\t<\/div>\r\n\t\t\t\t<\/div>\r\n\t<\/article >\r\n\t<\/div>\r\n\t<\/div><div class=\"bscb-72572 vc_custom_1657893849912 bs-listing bs-listing-listing-mix-2-1 bs-listing-single-tab\">\t\t<h3 class=\"section-heading sh-t5 sh-s1 main-term-none\">\r\n\r\n\t\t\r\n\t\t\t\t\t\t\t<span class=\"h-text main-term-none main-link\">\r\n\t\t\t\t\t\tR\u00e9cents\t\t\t\t\t<\/span>\r\n\t\t\t\r\n\t\t\r\n\t\t<\/h3>\r\n\t\t\t<div class=\"listing listing-mix-2-1 clearfix \">\r\n\t\t<div class=\"item-inner\">\r\n\t\t\t<div class=\"row\">\r\n\t\t\t\t<div class=\"col-lg-12\">\r\n\t\t\t\t\t\t\t\t\t\t\t<div class=\"listing listing-grid clearfix columns-2\">\r\n\t\t\t\t\t\t\t\t<article class=\"post-12128 type-post format-standard has-post-thumbnail   listing-item listing-item-grid listing-item-grid-1 main-term-11\">\r\n\t<div class=\"item-inner\">\r\n\t\t\t\t\t<div class=\"featured clearfix\">\r\n\t\t\t\t<div class=\"term-badges floated\"><span class=\"term-badge term-11\"><a href=\"https:\/\/lereveil224.info\/index.php\/category\/actualite\/\">Actualit\u00e9<\/a><\/span><\/div>\t\t\t\t<a  title=\"Trag\u00e9die \u00e0 Dar-es-Salam : les 35 victimes seront inhum\u00e9es ce vendredi \u00e0 Bamb\u00e9to\" data-src=\"https:\/\/lereveil224.info\/wp-content\/uploads\/2026\/09\/HRTYj1tXQAAsm5X-357x210.jpg\" data-bs-srcset=\"{&quot;baseurl&quot;:&quot;https:\\\/\\\/lereveil224.info\\\/wp-content\\\/uploads\\\/2026\\\/09\\\/&quot;,&quot;sizes&quot;:{&quot;210&quot;:&quot;HRTYj1tXQAAsm5X-210x136.jpg&quot;,&quot;279&quot;:&quot;HRTYj1tXQAAsm5X-279x220.jpg&quot;,&quot;357&quot;:&quot;HRTYj1tXQAAsm5X-357x210.jpg&quot;,&quot;750&quot;:&quot;HRTYj1tXQAAsm5X-750x430.jpg&quot;,&quot;1020&quot;:&quot;HRTYj1tXQAAsm5X.jpg&quot;}}\"\t\t\t\t\t\tclass=\"img-holder\" href=\"https:\/\/lereveil224.info\/index.php\/2026\/09\/03\/tragedie-a-dar-es-salam-les-35-victimes-seront-inhumees-ce-vendredi-a-bambeto\/\"><\/a>\r\n\r\n\t\t\t\t\t\t\t<\/div>\r\n\t\t<h2 class=\"title\">\t\t<a href=\"https:\/\/lereveil224.info\/index.php\/2026\/09\/03\/tragedie-a-dar-es-salam-les-35-victimes-seront-inhumees-ce-vendredi-a-bambeto\/\" class=\"post-title post-url\">\r\n\t\t\tTrag\u00e9die \u00e0 Dar-es-Salam : les 35 victimes seront inhum\u00e9es ce vendredi \u00e0 Bamb\u00e9to\t\t<\/a>\r\n\t\t<\/h2>\t\t<div class=\"post-meta\">\r\n\r\n\t\t\t\t\t\t\t<a href=\"https:\/\/lereveil224.info\/index.php\/author\/mamadouba-camara\/\"\r\n\t\t\t\t   title=\"Parcourir les articles Auteur\"\r\n\t\t\t\t   class=\"post-author-a\">\r\n\t\t\t\t\t<i class=\"post-author author\">\r\n\t\t\t\t\t\tmamadouba camara\t\t\t\t\t<\/i>\r\n\t\t\t\t<\/a>\r\n\t\t\t\t\t\t\t<span class=\"time\"><time class=\"post-published updated\"\r\n\t\t\t\t                         datetime=\"2026-09-03T16:04:55+00:00\">Sep 3, 2026<\/time><\/span>\r\n\t\t\t\t<a href=\"https:\/\/lereveil224.info\/index.php\/2026\/09\/03\/tragedie-a-dar-es-salam-les-35-victimes-seront-inhumees-ce-vendredi-a-bambeto\/#respond\" title=\"Laisser un commentaire sur: &quot;Trag\u00e9die \u00e0 Dar-es-Salam : les 35 victimes seront inhum\u00e9es ce vendredi \u00e0 Bamb\u00e9to&quot;\" class=\"comments\"><i class=\"fa fa-comments-o\"><\/i> 0<\/a>\t\t<\/div>\r\n\t\t\t\t\t<div class=\"post-summary\">\r\n\t\t\t\t<!-- wp:paragraph -->Les 35 personnes d\u00e9c\u00e9d\u00e9es dans l\u2019\u00e9boulement meurtrier survenu \u00e0 la d\u00e9charge de Dar-es-Salam seront inhum\u00e9es ce<\/!-->&hellip;\t\t\t<\/div>\r\n\t\t\t<\/div>\r\n\t<\/article >\r\n\t<article class=\"post-12125 type-post format-standard has-post-thumbnail   listing-item listing-item-grid listing-item-grid-1 main-term-11\">\r\n\t<div class=\"item-inner\">\r\n\t\t\t\t\t<div class=\"featured clearfix\">\r\n\t\t\t\t<div class=\"term-badges floated\"><span class=\"term-badge term-11\"><a href=\"https:\/\/lereveil224.info\/index.php\/category\/actualite\/\">Actualit\u00e9<\/a><\/span><\/div>\t\t\t\t<a  title=\"Joie au Palais pr\u00e9sidentiel : Mamadi Doumbouya annonce la naissance d\u2019une petite fille\" data-src=\"https:\/\/lereveil224.info\/wp-content\/uploads\/2026\/09\/HRNwSUjW4AcUN7n-357x210.jpg\" data-bs-srcset=\"{&quot;baseurl&quot;:&quot;https:\\\/\\\/lereveil224.info\\\/wp-content\\\/uploads\\\/2026\\\/09\\\/&quot;,&quot;sizes&quot;:{&quot;210&quot;:&quot;HRNwSUjW4AcUN7n-210x136.jpg&quot;,&quot;279&quot;:&quot;HRNwSUjW4AcUN7n-279x220.jpg&quot;,&quot;357&quot;:&quot;HRNwSUjW4AcUN7n-357x210.jpg&quot;,&quot;620&quot;:&quot;HRNwSUjW4AcUN7n.jpg&quot;}}\"\t\t\t\t\t\tclass=\"img-holder\" href=\"https:\/\/lereveil224.info\/index.php\/2026\/09\/02\/joie-au-palais-presidentiel-mamadi-doumbouya-annonce-la-naissance-dune-petite-fille\/\"><\/a>\r\n\r\n\t\t\t\t\t\t\t<\/div>\r\n\t\t<h2 class=\"title\">\t\t<a href=\"https:\/\/lereveil224.info\/index.php\/2026\/09\/02\/joie-au-palais-presidentiel-mamadi-doumbouya-annonce-la-naissance-dune-petite-fille\/\" class=\"post-title post-url\">\r\n\t\t\tJoie au Palais pr\u00e9sidentiel : Mamadi Doumbouya annonce la naissance d\u2019une petite&hellip;\t\t<\/a>\r\n\t\t<\/h2>\t\t<div class=\"post-meta\">\r\n\r\n\t\t\t\t\t\t\t<a href=\"https:\/\/lereveil224.info\/index.php\/author\/mamadouba-camara\/\"\r\n\t\t\t\t   title=\"Parcourir les articles Auteur\"\r\n\t\t\t\t   class=\"post-author-a\">\r\n\t\t\t\t\t<i class=\"post-author author\">\r\n\t\t\t\t\t\tmamadouba camara\t\t\t\t\t<\/i>\r\n\t\t\t\t<\/a>\r\n\t\t\t\t\t\t\t<span class=\"time\"><time class=\"post-published updated\"\r\n\t\t\t\t                         datetime=\"2026-09-02T14:23:10+00:00\">Sep 2, 2026<\/time><\/span>\r\n\t\t\t\t<a href=\"https:\/\/lereveil224.info\/index.php\/2026\/09\/02\/joie-au-palais-presidentiel-mamadi-doumbouya-annonce-la-naissance-dune-petite-fille\/#respond\" title=\"Laisser un commentaire sur: &quot;Joie au Palais pr\u00e9sidentiel : Mamadi Doumbouya annonce la naissance d\u2019une petite fille&quot;\" class=\"comments\"><i class=\"fa fa-comments-o\"><\/i> 0<\/a>\t\t<\/div>\r\n\t\t\t\t\t<div class=\"post-summary\">\r\n\t\t\t\t<!-- wp:paragraph -->Le Palais pr\u00e9sidentiel est en f\u00eate. Le Pr\u00e9sident de la R\u00e9publique de Guin\u00e9e, Mamadi Doumbouya, a annonc\u00e9 ce<\/!-->&hellip;\t\t\t<\/div>\r\n\t\t\t<\/div>\r\n\t<\/article >\r\n\t\t\t\t\t\t<\/div>\r\n\t\t\t\t\t\t\t\t\t\t<\/div>\r\n\t\t\t<\/div>\r\n\t\t\t<div class=\"row\">\r\n\t\t\t\t<div class=\"col-lg-12\">\r\n\t\t\t\t\t\t<div class=\"listing listing-thumbnail listing-tb-1 clearfix columns-2\">\r\n\t\t<article class=\"post-12122 type-post format-standard has-post-thumbnail   listing-item listing-item-thumbnail listing-item-tb-1 main-term-11\">\r\n\t<div class=\"item-inner clearfix\">\r\n\t\t\t\t\t<div class=\"featured featured-type-featured-image\">\r\n\t\t\t\t<a  title=\"Guin\u00e9e-Bissau : le \u00ab Oui \u00bb s\u2019impose \u00e0 70 % au r\u00e9f\u00e9rendum constitutionnel, un r\u00e9sultat d\u00e9j\u00e0 contest\u00e9\" data-src=\"https:\/\/lereveil224.info\/wp-content\/uploads\/2026\/09\/IMG_20260902_125812_1200_x_630_pixel-860x452-1-86x64.webp\" data-bs-srcset=\"{&quot;baseurl&quot;:&quot;https:\\\/\\\/lereveil224.info\\\/wp-content\\\/uploads\\\/2026\\\/09\\\/&quot;,&quot;sizes&quot;:{&quot;86&quot;:&quot;IMG_20260902_125812_1200_x_630_pixel-860x452-1-86x64.webp&quot;,&quot;210&quot;:&quot;IMG_20260902_125812_1200_x_630_pixel-860x452-1-210x136.webp&quot;,&quot;860&quot;:&quot;IMG_20260902_125812_1200_x_630_pixel-860x452-1.webp&quot;}}\"\t\t\t\t\t\tclass=\"img-holder\" href=\"https:\/\/lereveil224.info\/index.php\/2026\/09\/02\/guinee-bissau-le-oui-simpose-a-70-au-referendum-constitutionnel-un-resultat-deja-conteste\/\"><\/a>\r\n\t\t\t\t\t\t\t<\/div>\r\n\t\t<h2 class=\"title\">\t\t<a href=\"https:\/\/lereveil224.info\/index.php\/2026\/09\/02\/guinee-bissau-le-oui-simpose-a-70-au-referendum-constitutionnel-un-resultat-deja-conteste\/\" class=\"post-url post-title\">\r\n\t\t\tGuin\u00e9e-Bissau : le \u00ab Oui \u00bb s\u2019impose \u00e0 70 % au r\u00e9f\u00e9rendum&hellip;\t\t<\/a>\r\n\t\t<\/h2>\t\t<div class=\"post-meta\">\r\n\r\n\t\t\t\t\t\t\t<span class=\"time\"><time class=\"post-published updated\"\r\n\t\t\t\t                         datetime=\"2026-09-02T13:46:43+00:00\">Sep 2, 2026<\/time><\/span>\r\n\t\t\t\t\t\t<\/div>\r\n\t\t\t<\/div>\r\n\t<\/article >\r\n\t<article class=\"post-12110 type-post format-standard has-post-thumbnail   listing-item listing-item-thumbnail listing-item-tb-1 main-term-11\">\r\n\t<div class=\"item-inner clearfix\">\r\n\t\t\t\t\t<div class=\"featured featured-type-featured-image\">\r\n\t\t\t\t<a  title=\"Conakry : l\u2019UEMOA et la Guin\u00e9e s\u2019unissent pour mieux combattre les d\u00e9rives des r\u00e9seaux sociaux\" data-src=\"https:\/\/lereveil224.info\/wp-content\/uploads\/2026\/08\/HRENXinWwAA2LxQ-86x64.jpg\" data-bs-srcset=\"{&quot;baseurl&quot;:&quot;https:\\\/\\\/lereveil224.info\\\/wp-content\\\/uploads\\\/2026\\\/08\\\/&quot;,&quot;sizes&quot;:{&quot;86&quot;:&quot;HRENXinWwAA2LxQ-86x64.jpg&quot;,&quot;210&quot;:&quot;HRENXinWwAA2LxQ-210x136.jpg&quot;,&quot;1080&quot;:&quot;HRENXinWwAA2LxQ.jpg&quot;}}\"\t\t\t\t\t\tclass=\"img-holder\" href=\"https:\/\/lereveil224.info\/index.php\/2026\/08\/31\/conakry-luemoa-et-la-guinee-sunissent-pour-mieux-combattre-les-derives-des-reseaux-sociaux\/\"><\/a>\r\n\t\t\t\t\t\t\t<\/div>\r\n\t\t<h2 class=\"title\">\t\t<a href=\"https:\/\/lereveil224.info\/index.php\/2026\/08\/31\/conakry-luemoa-et-la-guinee-sunissent-pour-mieux-combattre-les-derives-des-reseaux-sociaux\/\" class=\"post-url post-title\">\r\n\t\t\tConakry : l\u2019UEMOA et la Guin\u00e9e s\u2019unissent pour mieux&hellip;\t\t<\/a>\r\n\t\t<\/h2>\t\t<div class=\"post-meta\">\r\n\r\n\t\t\t\t\t\t\t<span class=\"time\"><time class=\"post-published updated\"\r\n\t\t\t\t                         datetime=\"2026-08-31T18:11:21+00:00\">Ao\u00fbt 31, 2026<\/time><\/span>\r\n\t\t\t\t\t\t<\/div>\r\n\t\t\t<\/div>\r\n\t<\/article >\r\n\t<article class=\"post-12106 type-post format-standard has-post-thumbnail   listing-item listing-item-thumbnail listing-item-tb-1 main-term-11\">\r\n\t<div class=\"item-inner clearfix\">\r\n\t\t\t\t\t<div class=\"featured featured-type-featured-image\">\r\n\t\t\t\t<a  title=\"M\u00e9dias en Guin\u00e9e : Boubacar Yacine Diallo salue les journalistes et annonce un nouvel assainissement\" data-src=\"https:\/\/lereveil224.info\/wp-content\/uploads\/2026\/08\/HQ0rz3PWwAAlCSK-86x64.jpg\" data-bs-srcset=\"{&quot;baseurl&quot;:&quot;https:\\\/\\\/lereveil224.info\\\/wp-content\\\/uploads\\\/2026\\\/08\\\/&quot;,&quot;sizes&quot;:{&quot;86&quot;:&quot;HQ0rz3PWwAAlCSK-86x64.jpg&quot;,&quot;210&quot;:&quot;HQ0rz3PWwAAlCSK-210x136.jpg&quot;,&quot;658&quot;:&quot;HQ0rz3PWwAAlCSK.jpg&quot;}}\"\t\t\t\t\t\tclass=\"img-holder\" href=\"https:\/\/lereveil224.info\/index.php\/2026\/08\/28\/medias-en-guinee-boubacar-yacine-diallo-salue-les-journalistes-et-annonce-un-nouvel-assainissement\/\"><\/a>\r\n\t\t\t\t\t\t\t<\/div>\r\n\t\t<h2 class=\"title\">\t\t<a href=\"https:\/\/lereveil224.info\/index.php\/2026\/08\/28\/medias-en-guinee-boubacar-yacine-diallo-salue-les-journalistes-et-annonce-un-nouvel-assainissement\/\" class=\"post-url post-title\">\r\n\t\t\tM\u00e9dias en Guin\u00e9e : Boubacar Yacine Diallo salue les&hellip;\t\t<\/a>\r\n\t\t<\/h2>\t\t<div class=\"post-meta\">\r\n\r\n\t\t\t\t\t\t\t<span class=\"time\"><time class=\"post-published updated\"\r\n\t\t\t\t                         datetime=\"2026-08-28T19:38:18+00:00\">Ao\u00fbt 28, 2026<\/time><\/span>\r\n\t\t\t\t\t\t<\/div>\r\n\t\t\t<\/div>\r\n\t<\/article >\r\n\t<article class=\"post-12085 type-post format-standard has-post-thumbnail   listing-item listing-item-thumbnail listing-item-tb-1 main-term-11\">\r\n\t<div class=\"item-inner clearfix\">\r\n\t\t\t\t\t<div class=\"featured featured-type-featured-image\">\r\n\t\t\t\t<a  title=\"Arm\u00e9e guin\u00e9enne : 173 militaires radi\u00e9s pour d\u00e9sertion, dont le commandant Michel Lamah\" data-src=\"https:\/\/lereveil224.info\/wp-content\/uploads\/2026\/08\/IMG_20260824_212424_1200_x_630_pixel-860x452-1-86x64.jpg\" data-bs-srcset=\"{&quot;baseurl&quot;:&quot;https:\\\/\\\/lereveil224.info\\\/wp-content\\\/uploads\\\/2026\\\/08\\\/&quot;,&quot;sizes&quot;:{&quot;86&quot;:&quot;IMG_20260824_212424_1200_x_630_pixel-860x452-1-86x64.jpg&quot;,&quot;210&quot;:&quot;IMG_20260824_212424_1200_x_630_pixel-860x452-1-210x136.jpg&quot;,&quot;860&quot;:&quot;IMG_20260824_212424_1200_x_630_pixel-860x452-1.jpg&quot;}}\"\t\t\t\t\t\tclass=\"img-holder\" href=\"https:\/\/lereveil224.info\/index.php\/2026\/08\/24\/armee-guineenne-173-militaires-radies-pour-desertion-dont-le-commandant-michel-lamah\/\"><\/a>\r\n\t\t\t\t\t\t\t<\/div>\r\n\t\t<h2 class=\"title\">\t\t<a href=\"https:\/\/lereveil224.info\/index.php\/2026\/08\/24\/armee-guineenne-173-militaires-radies-pour-desertion-dont-le-commandant-michel-lamah\/\" class=\"post-url post-title\">\r\n\t\t\tArm\u00e9e guin\u00e9enne : 173 militaires radi\u00e9s pour d\u00e9sertion, dont&hellip;\t\t<\/a>\r\n\t\t<\/h2>\t\t<div class=\"post-meta\">\r\n\r\n\t\t\t\t\t\t\t<span class=\"time\"><time class=\"post-published updated\"\r\n\t\t\t\t                         datetime=\"2026-08-24T23:42:31+00:00\">Ao\u00fbt 24, 2026<\/time><\/span>\r\n\t\t\t\t\t\t<\/div>\r\n\t\t\t<\/div>\r\n\t<\/article >\r\n\t<article class=\"post-12080 type-post format-standard has-post-thumbnail   listing-item listing-item-thumbnail listing-item-tb-1 main-term-11\">\r\n\t<div class=\"item-inner clearfix\">\r\n\t\t\t\t\t<div class=\"featured featured-type-featured-image\">\r\n\t\t\t\t<a  title=\"Maouloud 2026 : le mardi 25 ao\u00fbt d\u00e9clar\u00e9 f\u00e9ri\u00e9, ch\u00f4m\u00e9 et pay\u00e9 en Guin\u00e9e\" data-src=\"https:\/\/lereveil224.info\/wp-content\/uploads\/2026\/08\/HQgxoUwXMAExVri-86x64.jpg\" data-bs-srcset=\"{&quot;baseurl&quot;:&quot;https:\\\/\\\/lereveil224.info\\\/wp-content\\\/uploads\\\/2026\\\/08\\\/&quot;,&quot;sizes&quot;:{&quot;86&quot;:&quot;HQgxoUwXMAExVri-86x64.jpg&quot;,&quot;210&quot;:&quot;HQgxoUwXMAExVri-210x136.jpg&quot;,&quot;1024&quot;:&quot;HQgxoUwXMAExVri.jpg&quot;}}\"\t\t\t\t\t\tclass=\"img-holder\" href=\"https:\/\/lereveil224.info\/index.php\/2026\/08\/24\/maouloud-2026-le-mardi-25-aout-declare-ferie-chome-et-paye-en-guinee\/\"><\/a>\r\n\t\t\t\t\t\t\t<\/div>\r\n\t\t<h2 class=\"title\">\t\t<a href=\"https:\/\/lereveil224.info\/index.php\/2026\/08\/24\/maouloud-2026-le-mardi-25-aout-declare-ferie-chome-et-paye-en-guinee\/\" class=\"post-url post-title\">\r\n\t\t\tMaouloud 2026 : le mardi 25 ao\u00fbt d\u00e9clar\u00e9 f\u00e9ri\u00e9, ch\u00f4m\u00e9 et&hellip;\t\t<\/a>\r\n\t\t<\/h2>\t\t<div class=\"post-meta\">\r\n\r\n\t\t\t\t\t\t\t<span class=\"time\"><time class=\"post-published updated\"\r\n\t\t\t\t                         datetime=\"2026-08-24T20:08:50+00:00\">Ao\u00fbt 24, 2026<\/time><\/span>\r\n\t\t\t\t\t\t<\/div>\r\n\t\t\t<\/div>\r\n\t<\/article >\r\n\t<article class=\"post-12070 type-post format-standard has-post-thumbnail   listing-item listing-item-thumbnail listing-item-tb-1 main-term-11\">\r\n\t<div class=\"item-inner clearfix\">\r\n\t\t\t\t\t<div class=\"featured featured-type-featured-image\">\r\n\t\t\t\t<a  title=\"N\u2019Z\u00e9r\u00e9kor\u00e9 : une foule immense rend un dernier hommage \u00e0 Cheick Ibrahim SANGAR\u00c9 dit \u00ab Adawi \u00bb\" data-src=\"https:\/\/lereveil224.info\/wp-content\/uploads\/2026\/08\/Adawi_1-86x64.jpg\" data-bs-srcset=\"{&quot;baseurl&quot;:&quot;https:\\\/\\\/lereveil224.info\\\/wp-content\\\/uploads\\\/2026\\\/08\\\/&quot;,&quot;sizes&quot;:{&quot;86&quot;:&quot;Adawi_1-86x64.jpg&quot;,&quot;210&quot;:&quot;Adawi_1-210x136.jpg&quot;,&quot;724&quot;:&quot;Adawi_1.jpg&quot;}}\"\t\t\t\t\t\tclass=\"img-holder\" href=\"https:\/\/lereveil224.info\/index.php\/2026\/08\/23\/nzerekore-une-foule-immense-rend-un-dernier-hommage-a-cheick-ibrahim-sangare-dit-adawi\/\"><\/a>\r\n\t\t\t\t\t\t\t<\/div>\r\n\t\t<h2 class=\"title\">\t\t<a href=\"https:\/\/lereveil224.info\/index.php\/2026\/08\/23\/nzerekore-une-foule-immense-rend-un-dernier-hommage-a-cheick-ibrahim-sangare-dit-adawi\/\" class=\"post-url post-title\">\r\n\t\t\tN\u2019Z\u00e9r\u00e9kor\u00e9 : une foule immense rend un dernier hommage \u00e0&hellip;\t\t<\/a>\r\n\t\t<\/h2>\t\t<div class=\"post-meta\">\r\n\r\n\t\t\t\t\t\t\t<span class=\"time\"><time class=\"post-published updated\"\r\n\t\t\t\t                         datetime=\"2026-08-23T15:22:06+00:00\">Ao\u00fbt 23, 2026<\/time><\/span>\r\n\t\t\t\t\t\t<\/div>\r\n\t\t\t<\/div>\r\n\t<\/article >\r\n\t<\/div>\r\n\t\t\t\t\t<\/div>\r\n\t\t\t<\/div>\r\n\t\t<\/div>\r\n\t<\/div>\r\n<\/div><\/p>\n\n<p><div class=\"bscb-71484 bs-listing bs-listing-listing-mix-1-1 bs-listing-single-tab pagination-animate\">\t\t<h3 class=\"section-heading sh-t5 sh-s1 main-term-none\">\r\n\r\n\t\t\r\n\t\t\t\t\t\t\t<span class=\"h-text main-term-none main-link\">\r\n\t\t\t\t\t\tMessages r\u00e9cents\t\t\t\t\t<\/span>\r\n\t\t\t\r\n\t\t\r\n\t\t<\/h3>\r\n\t\t\t\t<div class=\"bs-pagination-wrapper main-term-none next_prev bs-slider-first-item\">\r\n\t\t\t<div class=\"listing listing-mix-1-1  \">\r\n\t\t<div class=\"item-inner clearfix\">\r\n\t\t\t<div class=\"column-1\">\r\n\t\t\t\t\t<article class=\"post-12128 type-post format-standard has-post-thumbnail   listing-item listing-item-grid listing-item-grid-1 main-term-11\">\r\n\t<div class=\"item-inner\">\r\n\t\t\t\t\t<div class=\"featured clearfix\">\r\n\t\t\t\t<div class=\"term-badges floated\"><span class=\"term-badge term-11\"><a href=\"https:\/\/lereveil224.info\/index.php\/category\/actualite\/\">Actualit\u00e9<\/a><\/span><\/div>\t\t\t\t<a  title=\"Trag\u00e9die \u00e0 Dar-es-Salam : les 35 victimes seront inhum\u00e9es ce vendredi \u00e0 Bamb\u00e9to\" data-src=\"https:\/\/lereveil224.info\/wp-content\/uploads\/2026\/09\/HRTYj1tXQAAsm5X-357x210.jpg\" data-bs-srcset=\"{&quot;baseurl&quot;:&quot;https:\\\/\\\/lereveil224.info\\\/wp-content\\\/uploads\\\/2026\\\/09\\\/&quot;,&quot;sizes&quot;:{&quot;210&quot;:&quot;HRTYj1tXQAAsm5X-210x136.jpg&quot;,&quot;279&quot;:&quot;HRTYj1tXQAAsm5X-279x220.jpg&quot;,&quot;357&quot;:&quot;HRTYj1tXQAAsm5X-357x210.jpg&quot;,&quot;750&quot;:&quot;HRTYj1tXQAAsm5X-750x430.jpg&quot;,&quot;1020&quot;:&quot;HRTYj1tXQAAsm5X.jpg&quot;}}\"\t\t\t\t\t\tclass=\"img-holder\" href=\"https:\/\/lereveil224.info\/index.php\/2026\/09\/03\/tragedie-a-dar-es-salam-les-35-victimes-seront-inhumees-ce-vendredi-a-bambeto\/\"><\/a>\r\n\r\n\t\t\t\t\t\t\t<\/div>\r\n\t\t<h2 class=\"title\">\t\t<a href=\"https:\/\/lereveil224.info\/index.php\/2026\/09\/03\/tragedie-a-dar-es-salam-les-35-victimes-seront-inhumees-ce-vendredi-a-bambeto\/\" class=\"post-title post-url\">\r\n\t\t\tTrag\u00e9die \u00e0 Dar-es-Salam : les 35 victimes seront inhum\u00e9es ce vendredi \u00e0 Bamb\u00e9to\t\t<\/a>\r\n\t\t<\/h2>\t\t<div class=\"post-meta\">\r\n\r\n\t\t\t\t\t\t\t<a href=\"https:\/\/lereveil224.info\/index.php\/author\/mamadouba-camara\/\"\r\n\t\t\t\t   title=\"Parcourir les articles Auteur\"\r\n\t\t\t\t   class=\"post-author-a\">\r\n\t\t\t\t\t<i class=\"post-author author\">\r\n\t\t\t\t\t\tmamadouba camara\t\t\t\t\t<\/i>\r\n\t\t\t\t<\/a>\r\n\t\t\t\t\t\t\t<span class=\"time\"><time class=\"post-published updated\"\r\n\t\t\t\t                         datetime=\"2026-09-03T16:04:55+00:00\">Sep 3, 2026<\/time><\/span>\r\n\t\t\t\t<a href=\"https:\/\/lereveil224.info\/index.php\/2026\/09\/03\/tragedie-a-dar-es-salam-les-35-victimes-seront-inhumees-ce-vendredi-a-bambeto\/#respond\" title=\"Laisser un commentaire sur: &quot;Trag\u00e9die \u00e0 Dar-es-Salam : les 35 victimes seront inhum\u00e9es ce vendredi \u00e0 Bamb\u00e9to&quot;\" class=\"comments\"><i class=\"fa fa-comments-o\"><\/i> 0<\/a>\t\t<\/div>\r\n\t\t\t\t\t<div class=\"post-summary\">\r\n\t\t\t\t<!-- wp:paragraph -->Les 35 personnes d\u00e9c\u00e9d\u00e9es dans l\u2019\u00e9boulement meurtrier survenu \u00e0 la d\u00e9charge de Dar-es-Salam seront inhum\u00e9es ce<\/!-->&hellip;\t\t\t<\/div>\r\n\t\t\t<\/div>\r\n\t<\/article >\r\n\t\t\t<\/div>\r\n\t\t\t<div class=\"column-2\">\r\n\t\t\t\t\t<div class=\"listing listing-thumbnail listing-tb-1 clearfix columns-1\">\r\n\t\t<article class=\"post-12125 type-post format-standard has-post-thumbnail   listing-item listing-item-thumbnail listing-item-tb-1 main-term-11\">\r\n\t<div class=\"item-inner clearfix\">\r\n\t\t\t\t\t<div class=\"featured featured-type-featured-image\">\r\n\t\t\t\t<a  title=\"Joie au Palais pr\u00e9sidentiel : Mamadi Doumbouya annonce la naissance d\u2019une petite fille\" data-src=\"https:\/\/lereveil224.info\/wp-content\/uploads\/2026\/09\/HRNwSUjW4AcUN7n-86x64.jpg\" data-bs-srcset=\"{&quot;baseurl&quot;:&quot;https:\\\/\\\/lereveil224.info\\\/wp-content\\\/uploads\\\/2026\\\/09\\\/&quot;,&quot;sizes&quot;:{&quot;86&quot;:&quot;HRNwSUjW4AcUN7n-86x64.jpg&quot;,&quot;210&quot;:&quot;HRNwSUjW4AcUN7n-210x136.jpg&quot;,&quot;620&quot;:&quot;HRNwSUjW4AcUN7n.jpg&quot;}}\"\t\t\t\t\t\tclass=\"img-holder\" href=\"https:\/\/lereveil224.info\/index.php\/2026\/09\/02\/joie-au-palais-presidentiel-mamadi-doumbouya-annonce-la-naissance-dune-petite-fille\/\"><\/a>\r\n\t\t\t\t\t\t\t<\/div>\r\n\t\t<h2 class=\"title\">\t\t<a href=\"https:\/\/lereveil224.info\/index.php\/2026\/09\/02\/joie-au-palais-presidentiel-mamadi-doumbouya-annonce-la-naissance-dune-petite-fille\/\" class=\"post-url post-title\">\r\n\t\t\tJoie au Palais pr\u00e9sidentiel : Mamadi Doumbouya annonce la&hellip;\t\t<\/a>\r\n\t\t<\/h2>\t\t<div class=\"post-meta\">\r\n\r\n\t\t\t\t\t\t\t<span class=\"time\"><time class=\"post-published updated\"\r\n\t\t\t\t                         datetime=\"2026-09-02T14:23:10+00:00\">Sep 2, 2026<\/time><\/span>\r\n\t\t\t\t\t\t<\/div>\r\n\t\t\t<\/div>\r\n\t<\/article >\r\n\t<article class=\"post-12122 type-post format-standard has-post-thumbnail   listing-item listing-item-thumbnail listing-item-tb-1 main-term-11\">\r\n\t<div class=\"item-inner clearfix\">\r\n\t\t\t\t\t<div class=\"featured featured-type-featured-image\">\r\n\t\t\t\t<a  title=\"Guin\u00e9e-Bissau : le \u00ab Oui \u00bb s\u2019impose \u00e0 70 % au r\u00e9f\u00e9rendum constitutionnel, un r\u00e9sultat d\u00e9j\u00e0 contest\u00e9\" data-src=\"https:\/\/lereveil224.info\/wp-content\/uploads\/2026\/09\/IMG_20260902_125812_1200_x_630_pixel-860x452-1-86x64.webp\" data-bs-srcset=\"{&quot;baseurl&quot;:&quot;https:\\\/\\\/lereveil224.info\\\/wp-content\\\/uploads\\\/2026\\\/09\\\/&quot;,&quot;sizes&quot;:{&quot;86&quot;:&quot;IMG_20260902_125812_1200_x_630_pixel-860x452-1-86x64.webp&quot;,&quot;210&quot;:&quot;IMG_20260902_125812_1200_x_630_pixel-860x452-1-210x136.webp&quot;,&quot;860&quot;:&quot;IMG_20260902_125812_1200_x_630_pixel-860x452-1.webp&quot;}}\"\t\t\t\t\t\tclass=\"img-holder\" href=\"https:\/\/lereveil224.info\/index.php\/2026\/09\/02\/guinee-bissau-le-oui-simpose-a-70-au-referendum-constitutionnel-un-resultat-deja-conteste\/\"><\/a>\r\n\t\t\t\t\t\t\t<\/div>\r\n\t\t<h2 class=\"title\">\t\t<a href=\"https:\/\/lereveil224.info\/index.php\/2026\/09\/02\/guinee-bissau-le-oui-simpose-a-70-au-referendum-constitutionnel-un-resultat-deja-conteste\/\" class=\"post-url post-title\">\r\n\t\t\tGuin\u00e9e-Bissau : le \u00ab Oui \u00bb s\u2019impose \u00e0 70 % au r\u00e9f\u00e9rendum&hellip;\t\t<\/a>\r\n\t\t<\/h2>\t\t<div class=\"post-meta\">\r\n\r\n\t\t\t\t\t\t\t<span class=\"time\"><time class=\"post-published updated\"\r\n\t\t\t\t                         datetime=\"2026-09-02T13:46:43+00:00\">Sep 2, 2026<\/time><\/span>\r\n\t\t\t\t\t\t<\/div>\r\n\t\t\t<\/div>\r\n\t<\/article >\r\n\t<article class=\"post-12110 type-post format-standard has-post-thumbnail   listing-item listing-item-thumbnail listing-item-tb-1 main-term-11\">\r\n\t<div class=\"item-inner clearfix\">\r\n\t\t\t\t\t<div class=\"featured featured-type-featured-image\">\r\n\t\t\t\t<a  title=\"Conakry : l\u2019UEMOA et la Guin\u00e9e s\u2019unissent pour mieux combattre les d\u00e9rives des r\u00e9seaux sociaux\" data-src=\"https:\/\/lereveil224.info\/wp-content\/uploads\/2026\/08\/HRENXinWwAA2LxQ-86x64.jpg\" data-bs-srcset=\"{&quot;baseurl&quot;:&quot;https:\\\/\\\/lereveil224.info\\\/wp-content\\\/uploads\\\/2026\\\/08\\\/&quot;,&quot;sizes&quot;:{&quot;86&quot;:&quot;HRENXinWwAA2LxQ-86x64.jpg&quot;,&quot;210&quot;:&quot;HRENXinWwAA2LxQ-210x136.jpg&quot;,&quot;1080&quot;:&quot;HRENXinWwAA2LxQ.jpg&quot;}}\"\t\t\t\t\t\tclass=\"img-holder\" href=\"https:\/\/lereveil224.info\/index.php\/2026\/08\/31\/conakry-luemoa-et-la-guinee-sunissent-pour-mieux-combattre-les-derives-des-reseaux-sociaux\/\"><\/a>\r\n\t\t\t\t\t\t\t<\/div>\r\n\t\t<h2 class=\"title\">\t\t<a href=\"https:\/\/lereveil224.info\/index.php\/2026\/08\/31\/conakry-luemoa-et-la-guinee-sunissent-pour-mieux-combattre-les-derives-des-reseaux-sociaux\/\" class=\"post-url post-title\">\r\n\t\t\tConakry : l\u2019UEMOA et la Guin\u00e9e s\u2019unissent pour mieux&hellip;\t\t<\/a>\r\n\t\t<\/h2>\t\t<div class=\"post-meta\">\r\n\r\n\t\t\t\t\t\t\t<span class=\"time\"><time class=\"post-published updated\"\r\n\t\t\t\t                         datetime=\"2026-08-31T18:11:21+00:00\">Ao\u00fbt 31, 2026<\/time><\/span>\r\n\t\t\t\t\t\t<\/div>\r\n\t\t\t<\/div>\r\n\t<\/article >\r\n\t<article class=\"post-12106 type-post format-standard has-post-thumbnail   listing-item listing-item-thumbnail listing-item-tb-1 main-term-11\">\r\n\t<div class=\"item-inner clearfix\">\r\n\t\t\t\t\t<div class=\"featured featured-type-featured-image\">\r\n\t\t\t\t<a  title=\"M\u00e9dias en Guin\u00e9e : Boubacar Yacine Diallo salue les journalistes et annonce un nouvel assainissement\" data-src=\"https:\/\/lereveil224.info\/wp-content\/uploads\/2026\/08\/HQ0rz3PWwAAlCSK-86x64.jpg\" data-bs-srcset=\"{&quot;baseurl&quot;:&quot;https:\\\/\\\/lereveil224.info\\\/wp-content\\\/uploads\\\/2026\\\/08\\\/&quot;,&quot;sizes&quot;:{&quot;86&quot;:&quot;HQ0rz3PWwAAlCSK-86x64.jpg&quot;,&quot;210&quot;:&quot;HQ0rz3PWwAAlCSK-210x136.jpg&quot;,&quot;658&quot;:&quot;HQ0rz3PWwAAlCSK.jpg&quot;}}\"\t\t\t\t\t\tclass=\"img-holder\" href=\"https:\/\/lereveil224.info\/index.php\/2026\/08\/28\/medias-en-guinee-boubacar-yacine-diallo-salue-les-journalistes-et-annonce-un-nouvel-assainissement\/\"><\/a>\r\n\t\t\t\t\t\t\t<\/div>\r\n\t\t<h2 class=\"title\">\t\t<a href=\"https:\/\/lereveil224.info\/index.php\/2026\/08\/28\/medias-en-guinee-boubacar-yacine-diallo-salue-les-journalistes-et-annonce-un-nouvel-assainissement\/\" class=\"post-url post-title\">\r\n\t\t\tM\u00e9dias en Guin\u00e9e : Boubacar Yacine Diallo salue les&hellip;\t\t<\/a>\r\n\t\t<\/h2>\t\t<div class=\"post-meta\">\r\n\r\n\t\t\t\t\t\t\t<span class=\"time\"><time class=\"post-published updated\"\r\n\t\t\t\t                         datetime=\"2026-08-28T19:38:18+00:00\">Ao\u00fbt 28, 2026<\/time><\/span>\r\n\t\t\t\t\t\t<\/div>\r\n\t\t\t<\/div>\r\n\t<\/article >\r\n\t<\/div>\r\n\t\t\t\t<\/div>\r\n\t\t<\/div>\r\n\t<\/div>\r\n\n\t<\/div><div class=\"bs-pagination bs-ajax-pagination next_prev main-term-none clearfix\">\r\n\t\t\t<script>var bs_ajax_paginate_548146157 = '{\"query\":{\"category\":\"\",\"tag\":\"\",\"taxonomy\":\"\",\"post_ids\":\"\",\"post_type\":\"\",\"count\":\"5\",\"order_by\":\"date\",\"order\":\"DESC\",\"time_filter\":\"\",\"offset\":\"\",\"style\":\"listing-mix-1-1\",\"cats-tags-condition\":\"and\",\"cats-condition\":\"in\",\"tags-condition\":\"in\",\"featured_image\":\"0\",\"ignore_sticky_posts\":\"1\",\"author_ids\":\"\",\"disable_duplicate\":\"0\",\"ad-active\":0,\"paginate\":\"next_prev\",\"pagination-show-label\":\"1\",\"listing-settings\":\"\",\"override-listing-settings\":\"0\",\"_layout\":{\"state\":\"1|1|0\",\"page\":\"2-col-right\"}},\"type\":\"bs_post_listing\",\"view\":\"Publisher_Mix_Listing_1_1_Shortcode\",\"current_page\":1,\"ajax_url\":\"\\\/wp-admin\\\/admin-ajax.php\",\"remove_duplicates\":\"0\",\"paginate\":\"next_prev\",\"pagination-show-label\":\"1\",\"override-listing-settings\":\"0\",\"listing-settings\":\"\",\"ad-active\":false,\"_layout\":{\"state\":\"1|1|0\",\"page\":\"2-col-right\"},\"_bs_pagin_token\":\"42931a7\",\"data\":{\"vars\":{\"post-ranking-offset\":4}}}';<\/script>\t\t\t\t<a class=\"btn-bs-pagination prev disabled\" rel=\"prev\" data-id=\"548146157\"\r\n\t\t\t\t   title=\"pr\u00e9c\u00e9dent\">\r\n\t\t\t\t\t<i class=\"fa fa-angle-left\"\r\n\t\t\t\t\t   aria-hidden=\"true\"><\/i> Prev\t\t\t\t<\/a>\r\n\t\t\t\t<a  rel=\"next\" class=\"btn-bs-pagination next\"\r\n\t\t\t\t   data-id=\"548146157\" title=\"Prochain\">\r\n\t\t\t\t\tNext <i\r\n\t\t\t\t\t\t\tclass=\"fa fa-angle-right\" aria-hidden=\"true\"><\/i>\r\n\t\t\t\t<\/a>\r\n\t\t\t\t\t\t\t\t<span class=\"bs-pagination-label label-light\">1 De 330<\/span>\r\n\t\t\t<\/div><\/div>[\/vc_column][vc_column width=\u00a0\u00bb1\/3&Prime; sticky_sidebar=\u00a0\u00bbtrue\u00a0\u00bb is_sidebar=\u00a0\u00bbtrue\u00a0\u00bb column_custom_size=\u00a0\u00bb2-primary-column\u00a0\u00bb][vc_video]<div class=\" bs-listing bs-listing-listing-thumbnail-1 bs-listing-single-tab\">\t\t<h3 class=\"section-heading sh-t4 sh-s4 main-term-none\">\r\n\r\n\t\t\r\n\t\t\t\t\t\t\t<span class=\"h-text main-term-none main-link\">\r\n\t\t\t\t\t\tRecommended\t\t\t\t\t<\/span>\r\n\t\t\t\r\n\t\t\r\n\t\t<\/h3>\r\n\t\t\t<div class=\"listing listing-thumbnail listing-tb-1 clearfix columns-1\">\r\n\t\t<article class=\"post-12128 type-post format-standard has-post-thumbnail   listing-item listing-item-thumbnail listing-item-tb-1 main-term-11\">\r\n\t<div class=\"item-inner clearfix\">\r\n\t\t\t\t\t<div class=\"featured featured-type-featured-image\">\r\n\t\t\t\t<a  title=\"Trag\u00e9die \u00e0 Dar-es-Salam : les 35 victimes seront inhum\u00e9es ce vendredi \u00e0 Bamb\u00e9to\" data-src=\"https:\/\/lereveil224.info\/wp-content\/uploads\/2026\/09\/HRTYj1tXQAAsm5X-86x64.jpg\" data-bs-srcset=\"{&quot;baseurl&quot;:&quot;https:\\\/\\\/lereveil224.info\\\/wp-content\\\/uploads\\\/2026\\\/09\\\/&quot;,&quot;sizes&quot;:{&quot;86&quot;:&quot;HRTYj1tXQAAsm5X-86x64.jpg&quot;,&quot;210&quot;:&quot;HRTYj1tXQAAsm5X-210x136.jpg&quot;,&quot;1020&quot;:&quot;HRTYj1tXQAAsm5X.jpg&quot;}}\"\t\t\t\t\t\tclass=\"img-holder\" href=\"https:\/\/lereveil224.info\/index.php\/2026\/09\/03\/tragedie-a-dar-es-salam-les-35-victimes-seront-inhumees-ce-vendredi-a-bambeto\/\"><\/a>\r\n\t\t\t\t\t\t\t<\/div>\r\n\t\t<h2 class=\"title\">\t\t<a href=\"https:\/\/lereveil224.info\/index.php\/2026\/09\/03\/tragedie-a-dar-es-salam-les-35-victimes-seront-inhumees-ce-vendredi-a-bambeto\/\" class=\"post-url post-title\">\r\n\t\t\tTrag\u00e9die \u00e0 Dar-es-Salam : les 35 victimes seront inhum\u00e9es ce&hellip;\t\t<\/a>\r\n\t\t<\/h2>\t\t<div class=\"post-meta\">\r\n\r\n\t\t\t\t\t\t\t<span class=\"time\"><time class=\"post-published updated\"\r\n\t\t\t\t                         datetime=\"2026-09-03T16:04:55+00:00\">Sep 3, 2026<\/time><\/span>\r\n\t\t\t\t\t\t<\/div>\r\n\t\t\t<\/div>\r\n\t<\/article >\r\n\t<article class=\"post-12125 type-post format-standard has-post-thumbnail   listing-item listing-item-thumbnail listing-item-tb-1 main-term-11\">\r\n\t<div class=\"item-inner clearfix\">\r\n\t\t\t\t\t<div class=\"featured featured-type-featured-image\">\r\n\t\t\t\t<a  title=\"Joie au Palais pr\u00e9sidentiel : Mamadi Doumbouya annonce la naissance d\u2019une petite fille\" data-src=\"https:\/\/lereveil224.info\/wp-content\/uploads\/2026\/09\/HRNwSUjW4AcUN7n-86x64.jpg\" data-bs-srcset=\"{&quot;baseurl&quot;:&quot;https:\\\/\\\/lereveil224.info\\\/wp-content\\\/uploads\\\/2026\\\/09\\\/&quot;,&quot;sizes&quot;:{&quot;86&quot;:&quot;HRNwSUjW4AcUN7n-86x64.jpg&quot;,&quot;210&quot;:&quot;HRNwSUjW4AcUN7n-210x136.jpg&quot;,&quot;620&quot;:&quot;HRNwSUjW4AcUN7n.jpg&quot;}}\"\t\t\t\t\t\tclass=\"img-holder\" href=\"https:\/\/lereveil224.info\/index.php\/2026\/09\/02\/joie-au-palais-presidentiel-mamadi-doumbouya-annonce-la-naissance-dune-petite-fille\/\"><\/a>\r\n\t\t\t\t\t\t\t<\/div>\r\n\t\t<h2 class=\"title\">\t\t<a href=\"https:\/\/lereveil224.info\/index.php\/2026\/09\/02\/joie-au-palais-presidentiel-mamadi-doumbouya-annonce-la-naissance-dune-petite-fille\/\" class=\"post-url post-title\">\r\n\t\t\tJoie au Palais pr\u00e9sidentiel : Mamadi Doumbouya annonce la&hellip;\t\t<\/a>\r\n\t\t<\/h2>\t\t<div class=\"post-meta\">\r\n\r\n\t\t\t\t\t\t\t<span class=\"time\"><time class=\"post-published updated\"\r\n\t\t\t\t                         datetime=\"2026-09-02T14:23:10+00:00\">Sep 2, 2026<\/time><\/span>\r\n\t\t\t\t\t\t<\/div>\r\n\t\t\t<\/div>\r\n\t<\/article >\r\n\t<article class=\"post-12122 type-post format-standard has-post-thumbnail   listing-item listing-item-thumbnail listing-item-tb-1 main-term-11\">\r\n\t<div class=\"item-inner clearfix\">\r\n\t\t\t\t\t<div class=\"featured featured-type-featured-image\">\r\n\t\t\t\t<a  title=\"Guin\u00e9e-Bissau : le \u00ab Oui \u00bb s\u2019impose \u00e0 70 % au r\u00e9f\u00e9rendum constitutionnel, un r\u00e9sultat d\u00e9j\u00e0 contest\u00e9\" data-src=\"https:\/\/lereveil224.info\/wp-content\/uploads\/2026\/09\/IMG_20260902_125812_1200_x_630_pixel-860x452-1-86x64.webp\" data-bs-srcset=\"{&quot;baseurl&quot;:&quot;https:\\\/\\\/lereveil224.info\\\/wp-content\\\/uploads\\\/2026\\\/09\\\/&quot;,&quot;sizes&quot;:{&quot;86&quot;:&quot;IMG_20260902_125812_1200_x_630_pixel-860x452-1-86x64.webp&quot;,&quot;210&quot;:&quot;IMG_20260902_125812_1200_x_630_pixel-860x452-1-210x136.webp&quot;,&quot;860&quot;:&quot;IMG_20260902_125812_1200_x_630_pixel-860x452-1.webp&quot;}}\"\t\t\t\t\t\tclass=\"img-holder\" href=\"https:\/\/lereveil224.info\/index.php\/2026\/09\/02\/guinee-bissau-le-oui-simpose-a-70-au-referendum-constitutionnel-un-resultat-deja-conteste\/\"><\/a>\r\n\t\t\t\t\t\t\t<\/div>\r\n\t\t<h2 class=\"title\">\t\t<a href=\"https:\/\/lereveil224.info\/index.php\/2026\/09\/02\/guinee-bissau-le-oui-simpose-a-70-au-referendum-constitutionnel-un-resultat-deja-conteste\/\" class=\"post-url post-title\">\r\n\t\t\tGuin\u00e9e-Bissau : le \u00ab Oui \u00bb s\u2019impose \u00e0 70 % au r\u00e9f\u00e9rendum&hellip;\t\t<\/a>\r\n\t\t<\/h2>\t\t<div class=\"post-meta\">\r\n\r\n\t\t\t\t\t\t\t<span class=\"time\"><time class=\"post-published updated\"\r\n\t\t\t\t                         datetime=\"2026-09-02T13:46:43+00:00\">Sep 2, 2026<\/time><\/span>\r\n\t\t\t\t\t\t<\/div>\r\n\t\t\t<\/div>\r\n\t<\/article >\r\n\t<article class=\"post-12110 type-post format-standard has-post-thumbnail   listing-item listing-item-thumbnail listing-item-tb-1 main-term-11\">\r\n\t<div class=\"item-inner clearfix\">\r\n\t\t\t\t\t<div class=\"featured featured-type-featured-image\">\r\n\t\t\t\t<a  title=\"Conakry : l\u2019UEMOA et la Guin\u00e9e s\u2019unissent pour mieux combattre les d\u00e9rives des r\u00e9seaux sociaux\" data-src=\"https:\/\/lereveil224.info\/wp-content\/uploads\/2026\/08\/HRENXinWwAA2LxQ-86x64.jpg\" data-bs-srcset=\"{&quot;baseurl&quot;:&quot;https:\\\/\\\/lereveil224.info\\\/wp-content\\\/uploads\\\/2026\\\/08\\\/&quot;,&quot;sizes&quot;:{&quot;86&quot;:&quot;HRENXinWwAA2LxQ-86x64.jpg&quot;,&quot;210&quot;:&quot;HRENXinWwAA2LxQ-210x136.jpg&quot;,&quot;1080&quot;:&quot;HRENXinWwAA2LxQ.jpg&quot;}}\"\t\t\t\t\t\tclass=\"img-holder\" href=\"https:\/\/lereveil224.info\/index.php\/2026\/08\/31\/conakry-luemoa-et-la-guinee-sunissent-pour-mieux-combattre-les-derives-des-reseaux-sociaux\/\"><\/a>\r\n\t\t\t\t\t\t\t<\/div>\r\n\t\t<h2 class=\"title\">\t\t<a href=\"https:\/\/lereveil224.info\/index.php\/2026\/08\/31\/conakry-luemoa-et-la-guinee-sunissent-pour-mieux-combattre-les-derives-des-reseaux-sociaux\/\" class=\"post-url post-title\">\r\n\t\t\tConakry : l\u2019UEMOA et la Guin\u00e9e s\u2019unissent pour mieux&hellip;\t\t<\/a>\r\n\t\t<\/h2>\t\t<div class=\"post-meta\">\r\n\r\n\t\t\t\t\t\t\t<span class=\"time\"><time class=\"post-published updated\"\r\n\t\t\t\t                         datetime=\"2026-08-31T18:11:21+00:00\">Ao\u00fbt 31, 2026<\/time><\/span>\r\n\t\t\t\t\t\t<\/div>\r\n\t\t\t<\/div>\r\n\t<\/article >\r\n\t<article class=\"post-12106 type-post format-standard has-post-thumbnail   listing-item listing-item-thumbnail listing-item-tb-1 main-term-11\">\r\n\t<div class=\"item-inner clearfix\">\r\n\t\t\t\t\t<div class=\"featured featured-type-featured-image\">\r\n\t\t\t\t<a  title=\"M\u00e9dias en Guin\u00e9e : Boubacar Yacine Diallo salue les journalistes et annonce un nouvel assainissement\" data-src=\"https:\/\/lereveil224.info\/wp-content\/uploads\/2026\/08\/HQ0rz3PWwAAlCSK-86x64.jpg\" data-bs-srcset=\"{&quot;baseurl&quot;:&quot;https:\\\/\\\/lereveil224.info\\\/wp-content\\\/uploads\\\/2026\\\/08\\\/&quot;,&quot;sizes&quot;:{&quot;86&quot;:&quot;HQ0rz3PWwAAlCSK-86x64.jpg&quot;,&quot;210&quot;:&quot;HQ0rz3PWwAAlCSK-210x136.jpg&quot;,&quot;658&quot;:&quot;HQ0rz3PWwAAlCSK.jpg&quot;}}\"\t\t\t\t\t\tclass=\"img-holder\" href=\"https:\/\/lereveil224.info\/index.php\/2026\/08\/28\/medias-en-guinee-boubacar-yacine-diallo-salue-les-journalistes-et-annonce-un-nouvel-assainissement\/\"><\/a>\r\n\t\t\t\t\t\t\t<\/div>\r\n\t\t<h2 class=\"title\">\t\t<a href=\"https:\/\/lereveil224.info\/index.php\/2026\/08\/28\/medias-en-guinee-boubacar-yacine-diallo-salue-les-journalistes-et-annonce-un-nouvel-assainissement\/\" class=\"post-url post-title\">\r\n\t\t\tM\u00e9dias en Guin\u00e9e : Boubacar Yacine Diallo salue les&hellip;\t\t<\/a>\r\n\t\t<\/h2>\t\t<div class=\"post-meta\">\r\n\r\n\t\t\t\t\t\t\t<span class=\"time\"><time class=\"post-published updated\"\r\n\t\t\t\t                         datetime=\"2026-08-28T19:38:18+00:00\">Ao\u00fbt 28, 2026<\/time><\/span>\r\n\t\t\t\t\t\t<\/div>\r\n\t\t\t<\/div>\r\n\t<\/article >\r\n\t<\/div>\r\n\t<\/div><\/p>\n\n<p>\t\t<div  class=\"  better-studio-shortcode bsc-clearfix better-social-counter style-style-10 colored in-1-col\">\n\t\t\t\t\t<h3 class=\"section-heading sh-t4 sh-s4\">\r\n\t\t\t\t<span class=\"h-text\">Stay Connected<\/span>\r\n\t\t\t\t<\/h3>\r\n\t\t\t\t\t<ul class=\"social-list bsc-clearfix\"><li class=\"social-item facebook\"><a href=\"https:\/\/www.facebook.com\/BetterSTU\" class=\"item-link\" target=\"_blank\"><i class=\"item-icon bsfi-facebook\"><\/i><span class=\"item-count\">200<\/span><span class=\"item-title\">Likes <\/span> <span class=\"item-join\">Like our page<\/span> <\/a> <\/li> <li class=\"social-item twitter\"><a href=\"https:\/\/twitter.com\/BetterSTU\" class=\"item-link\" target=\"_blank\"><i class=\"item-icon bsfi-twitter\"><\/i><span class=\"item-count\">Twitter<\/span><span class=\"item-title\">Followers <\/span> <span class=\"item-join\">Follow Us<\/span> <\/a> <\/li> <li class=\"social-item dribbble\"><a href=\"https:\/\/dribbble.com\/better-studio\" class=\"item-link\" target=\"_blank\"><i class=\"item-icon bsfi-dribbble\"><\/i><span class=\"item-count\">Dribbble<\/span><span class=\"item-title\">Followers <\/span> <span class=\"item-join\">Follow Us<\/span> <\/a> <\/li> <li class=\"social-item youtube\"><a href=\"https:\/\/youtube.com\/channel\/UCrNkHRTRk33C9hzYij4B5ng\" class=\"item-link\" target=\"_blank\"><i class=\"item-icon bsfi-youtube\"><\/i><span class=\"item-count\">3,630<\/span><span class=\"item-title\">Subscribers <\/span> <span class=\"item-join\">Subscribe<\/span> <\/a> <\/li> <li class=\"social-item instagram\"><a href=\"https:\/\/instagram.com\/betterstudio\" class=\"item-link\" target=\"_blank\"><i class=\"item-icon bsfi-instagram\"><\/i><span class=\"item-count\">Instagram<\/span><span class=\"item-title\">Followers <\/span> <span class=\"item-join\">Follow Us<\/span> <\/a> <\/li> <li class=\"social-item rss\"><a href=\"https:\/\/lereveil224.info\/index.php\/feed\/rss\/\" class=\"item-link\" target=\"_blank\"><i class=\"item-icon bsfi-rss\"><\/i><span class=\"item-count\">RSS<\/span><span class=\"item-title\">Subscribe <\/span> <span class=\"item-join\">Subscribe<\/span> <\/a> <\/li> \t\t\t<\/ul>\n\t\t<\/div>\n\t\t<div class=\" bs-listing bs-listing-modern-grid-listing-3 bs-listing-single-tab\">\t\t<h3 class=\"section-heading sh-t4 sh-s4 main-term-none\">\r\n\r\n\t\t\r\n\t\t\t\t\t\t\t<span class=\"h-text main-term-none main-link\">\r\n\t\t\t\t\t\tEntertainment\t\t\t\t\t<\/span>\r\n\t\t\t\r\n\t\t\r\n\t\t<\/h3>\r\n\t\t\t<div class=\"listing listing-modern-grid listing-modern-grid-3 clearfix  slider-overlay-simple-gr columns-1\">\r\n\t\t\t<article class=\"post-12128 type-post format-standard has-post-thumbnail  listing-item-1 listing-item listing-mg-item listing-mg-3-item main-term-11 bsw-650\">\r\n\t<div class=\"item-content\">\r\n\t\t<a  title=\"Trag\u00e9die \u00e0 Dar-es-Salam : les 35 victimes seront inhum\u00e9es ce vendredi \u00e0 Bamb\u00e9to\" data-src=\"https:\/\/lereveil224.info\/wp-content\/uploads\/2026\/09\/HRTYj1tXQAAsm5X-750x430.jpg\" data-bs-srcset=\"{&quot;baseurl&quot;:&quot;https:\\\/\\\/lereveil224.info\\\/wp-content\\\/uploads\\\/2026\\\/09\\\/&quot;,&quot;sizes&quot;:{&quot;210&quot;:&quot;HRTYj1tXQAAsm5X-210x136.jpg&quot;,&quot;279&quot;:&quot;HRTYj1tXQAAsm5X-279x220.jpg&quot;,&quot;357&quot;:&quot;HRTYj1tXQAAsm5X-357x210.jpg&quot;,&quot;750&quot;:&quot;HRTYj1tXQAAsm5X-750x430.jpg&quot;,&quot;1020&quot;:&quot;HRTYj1tXQAAsm5X.jpg&quot;}}\"\t\t\t\tclass=\"img-cont\" href=\"https:\/\/lereveil224.info\/index.php\/2026\/09\/03\/tragedie-a-dar-es-salam-les-35-victimes-seront-inhumees-ce-vendredi-a-bambeto\/\"><\/a>\r\n\t\t\t\t<div class=\"content-container\">\r\n\t\t\t<div class=\"term-badges floated\"><span class=\"term-badge term-11\"><a href=\"https:\/\/lereveil224.info\/index.php\/category\/actualite\/\">Actualit\u00e9<\/a><\/span><\/div><h2 class=\"title\">\t\t\t<a href=\"https:\/\/lereveil224.info\/index.php\/2026\/09\/03\/tragedie-a-dar-es-salam-les-35-victimes-seront-inhumees-ce-vendredi-a-bambeto\/\" class=\"post-title post-url\">\r\n\t\t\t\tTrag\u00e9die \u00e0 Dar-es-Salam : les 35 victimes seront inhum\u00e9es ce&hellip;\t\t\t<\/a>\r\n\t\t\t<\/h2>\t\t<div class=\"post-meta\">\r\n\r\n\t\t\t\t\t\t\t<a href=\"https:\/\/lereveil224.info\/index.php\/author\/mamadouba-camara\/\"\r\n\t\t\t\t   title=\"Parcourir les articles Auteur\"\r\n\t\t\t\t   class=\"post-author-a\">\r\n\t\t\t\t\t<i class=\"post-author author\">\r\n\t\t\t\t\t\tmamadouba camara\t\t\t\t\t<\/i>\r\n\t\t\t\t<\/a>\r\n\t\t\t\t\t\t\t<span class=\"time\"><time class=\"post-published updated\"\r\n\t\t\t\t                         datetime=\"2026-09-03T16:04:55+00:00\">Sep 3, 2026<\/time><\/span>\r\n\t\t\t\t<a href=\"https:\/\/lereveil224.info\/index.php\/2026\/09\/03\/tragedie-a-dar-es-salam-les-35-victimes-seront-inhumees-ce-vendredi-a-bambeto\/#respond\" title=\"Laisser un commentaire sur: &quot;Trag\u00e9die \u00e0 Dar-es-Salam : les 35 victimes seront inhum\u00e9es ce vendredi \u00e0 Bamb\u00e9to&quot;\" class=\"comments\"><i class=\"fa fa-comments-o\"><\/i> 0<\/a>\t\t<\/div>\r\n\t\t\t\t<\/div>\r\n\t<\/div>\r\n\t<\/article >\r\n\t<article class=\"post-12125 type-post format-standard has-post-thumbnail  listing-item-2 listing-item listing-mg-item listing-mg-3-item main-term-11 bsw-650\">\r\n\t<div class=\"item-content\">\r\n\t\t<a  title=\"Joie au Palais pr\u00e9sidentiel : Mamadi Doumbouya annonce la naissance d\u2019une petite fille\" data-src=\"https:\/\/lereveil224.info\/wp-content\/uploads\/2026\/09\/HRNwSUjW4AcUN7n-620x430.jpg\" data-bs-srcset=\"{&quot;baseurl&quot;:&quot;https:\\\/\\\/lereveil224.info\\\/wp-content\\\/uploads\\\/2026\\\/09\\\/&quot;,&quot;sizes&quot;:{&quot;210&quot;:&quot;HRNwSUjW4AcUN7n-210x136.jpg&quot;,&quot;279&quot;:&quot;HRNwSUjW4AcUN7n-279x220.jpg&quot;,&quot;357&quot;:&quot;HRNwSUjW4AcUN7n-357x210.jpg&quot;,&quot;620&quot;:&quot;HRNwSUjW4AcUN7n.jpg&quot;}}\"\t\t\t\tclass=\"img-cont\" href=\"https:\/\/lereveil224.info\/index.php\/2026\/09\/02\/joie-au-palais-presidentiel-mamadi-doumbouya-annonce-la-naissance-dune-petite-fille\/\"><\/a>\r\n\t\t\t\t<div class=\"content-container\">\r\n\t\t\t<div class=\"term-badges floated\"><span class=\"term-badge term-11\"><a href=\"https:\/\/lereveil224.info\/index.php\/category\/actualite\/\">Actualit\u00e9<\/a><\/span><\/div><h2 class=\"title\">\t\t\t<a href=\"https:\/\/lereveil224.info\/index.php\/2026\/09\/02\/joie-au-palais-presidentiel-mamadi-doumbouya-annonce-la-naissance-dune-petite-fille\/\" class=\"post-title post-url\">\r\n\t\t\t\tJoie au Palais pr\u00e9sidentiel : Mamadi Doumbouya annonce la&hellip;\t\t\t<\/a>\r\n\t\t\t<\/h2>\t\t<div class=\"post-meta\">\r\n\r\n\t\t\t\t\t\t\t<a href=\"https:\/\/lereveil224.info\/index.php\/author\/mamadouba-camara\/\"\r\n\t\t\t\t   title=\"Parcourir les articles Auteur\"\r\n\t\t\t\t   class=\"post-author-a\">\r\n\t\t\t\t\t<i class=\"post-author author\">\r\n\t\t\t\t\t\tmamadouba camara\t\t\t\t\t<\/i>\r\n\t\t\t\t<\/a>\r\n\t\t\t\t\t\t\t<span class=\"time\"><time class=\"post-published updated\"\r\n\t\t\t\t                         datetime=\"2026-09-02T14:23:10+00:00\">Sep 2, 2026<\/time><\/span>\r\n\t\t\t\t<a href=\"https:\/\/lereveil224.info\/index.php\/2026\/09\/02\/joie-au-palais-presidentiel-mamadi-doumbouya-annonce-la-naissance-dune-petite-fille\/#respond\" title=\"Laisser un commentaire sur: &quot;Joie au Palais pr\u00e9sidentiel : Mamadi Doumbouya annonce la naissance d\u2019une petite fille&quot;\" class=\"comments\"><i class=\"fa fa-comments-o\"><\/i> 0<\/a>\t\t<\/div>\r\n\t\t\t\t<\/div>\r\n\t<\/div>\r\n\t<\/article >\r\n\t<article class=\"post-12122 type-post format-standard has-post-thumbnail  listing-item-3 listing-item listing-mg-item listing-mg-3-item main-term-11 bsw-650\">\r\n\t<div class=\"item-content\">\r\n\t\t<a  title=\"Guin\u00e9e-Bissau : le \u00ab Oui \u00bb s\u2019impose \u00e0 70 % au r\u00e9f\u00e9rendum constitutionnel, un r\u00e9sultat d\u00e9j\u00e0 contest\u00e9\" data-src=\"https:\/\/lereveil224.info\/wp-content\/uploads\/2026\/09\/IMG_20260902_125812_1200_x_630_pixel-860x452-1-750x430.webp\" data-bs-srcset=\"{&quot;baseurl&quot;:&quot;https:\\\/\\\/lereveil224.info\\\/wp-content\\\/uploads\\\/2026\\\/09\\\/&quot;,&quot;sizes&quot;:{&quot;210&quot;:&quot;IMG_20260902_125812_1200_x_630_pixel-860x452-1-210x136.webp&quot;,&quot;279&quot;:&quot;IMG_20260902_125812_1200_x_630_pixel-860x452-1-279x220.webp&quot;,&quot;357&quot;:&quot;IMG_20260902_125812_1200_x_630_pixel-860x452-1-357x210.webp&quot;,&quot;750&quot;:&quot;IMG_20260902_125812_1200_x_630_pixel-860x452-1-750x430.webp&quot;,&quot;860&quot;:&quot;IMG_20260902_125812_1200_x_630_pixel-860x452-1.webp&quot;}}\"\t\t\t\tclass=\"img-cont\" href=\"https:\/\/lereveil224.info\/index.php\/2026\/09\/02\/guinee-bissau-le-oui-simpose-a-70-au-referendum-constitutionnel-un-resultat-deja-conteste\/\"><\/a>\r\n\t\t\t\t<div class=\"content-container\">\r\n\t\t\t<div class=\"term-badges floated\"><span class=\"term-badge term-11\"><a href=\"https:\/\/lereveil224.info\/index.php\/category\/actualite\/\">Actualit\u00e9<\/a><\/span><\/div><h2 class=\"title\">\t\t\t<a href=\"https:\/\/lereveil224.info\/index.php\/2026\/09\/02\/guinee-bissau-le-oui-simpose-a-70-au-referendum-constitutionnel-un-resultat-deja-conteste\/\" class=\"post-title post-url\">\r\n\t\t\t\tGuin\u00e9e-Bissau : le \u00ab Oui \u00bb s\u2019impose \u00e0 70 % au r\u00e9f\u00e9rendum&hellip;\t\t\t<\/a>\r\n\t\t\t<\/h2>\t\t<div class=\"post-meta\">\r\n\r\n\t\t\t\t\t\t\t<a href=\"https:\/\/lereveil224.info\/index.php\/author\/mamadouba-camara\/\"\r\n\t\t\t\t   title=\"Parcourir les articles Auteur\"\r\n\t\t\t\t   class=\"post-author-a\">\r\n\t\t\t\t\t<i class=\"post-author author\">\r\n\t\t\t\t\t\tmamadouba camara\t\t\t\t\t<\/i>\r\n\t\t\t\t<\/a>\r\n\t\t\t\t\t\t\t<span class=\"time\"><time class=\"post-published updated\"\r\n\t\t\t\t                         datetime=\"2026-09-02T13:46:43+00:00\">Sep 2, 2026<\/time><\/span>\r\n\t\t\t\t<a href=\"https:\/\/lereveil224.info\/index.php\/2026\/09\/02\/guinee-bissau-le-oui-simpose-a-70-au-referendum-constitutionnel-un-resultat-deja-conteste\/#respond\" title=\"Laisser un commentaire sur: &quot;Guin\u00e9e-Bissau : le \u00ab Oui \u00bb s\u2019impose \u00e0 70 % au r\u00e9f\u00e9rendum constitutionnel, un r\u00e9sultat d\u00e9j\u00e0 contest\u00e9&quot;\" class=\"comments\"><i class=\"fa fa-comments-o\"><\/i> 0<\/a>\t\t<\/div>\r\n\t\t\t\t<\/div>\r\n\t<\/div>\r\n\t<\/article >\r\n\t<\/div>\r\n<\/div>[\/vc_column][\/vc_row][vc_row full_width=\u00a0\u00bbstretch_row\u00a0\u00bb css=\u00a0\u00bb.vc_custom_1536489188352{background-color: #0c0c0c !important;}\u00a0\u00bb][vc_column]<div class=\"bscb-59176 vc_custom_1547149922075 bs-light-scheme have_bg bs-listing bs-listing-modern-grid-listing-10 bs-listing-single-tab\">\t\t<h3 class=\"section-heading sh-t4 sh-s4 main-term-none\">\r\n\r\n\t\t\r\n\t\t\t\t\t\t\t<span class=\"h-text main-term-none main-link\">\r\n\t\t\t\t\t\tTop Videos\t\t\t\t\t<\/span>\r\n\t\t\t\r\n\t\t\r\n\t\t<\/h3>\r\n\t\t\t<div class=\"listing listing-modern-grid listing-modern-grid-10 clearfix slider-overlay-simple-gr l-2\">\r\n\t\t<div class=\"mg-row mg-row-1 clearfix\">\r\n\t\t\t<div class=\"mg-col mg-col-1\">\r\n\t\t\t\t\t<article class=\"post-12128 type-post format-standard has-post-thumbnail  listing-item-1 listing-item listing-mg-item listing-mg-10-item listing-mg-type-1 main-term-11\">\r\n\t<div class=\"item-content\">\r\n\t\t<a  title=\"Trag\u00e9die \u00e0 Dar-es-Salam : les 35 victimes seront inhum\u00e9es ce vendredi \u00e0 Bamb\u00e9to\" data-src=\"https:\/\/lereveil224.info\/wp-content\/uploads\/2026\/09\/HRTYj1tXQAAsm5X-750x430.jpg\" data-bs-srcset=\"{&quot;baseurl&quot;:&quot;https:\\\/\\\/lereveil224.info\\\/wp-content\\\/uploads\\\/2026\\\/09\\\/&quot;,&quot;sizes&quot;:{&quot;210&quot;:&quot;HRTYj1tXQAAsm5X-210x136.jpg&quot;,&quot;279&quot;:&quot;HRTYj1tXQAAsm5X-279x220.jpg&quot;,&quot;357&quot;:&quot;HRTYj1tXQAAsm5X-357x210.jpg&quot;,&quot;750&quot;:&quot;HRTYj1tXQAAsm5X-750x430.jpg&quot;,&quot;1020&quot;:&quot;HRTYj1tXQAAsm5X.jpg&quot;}}\"\t\t\t\tclass=\"img-cont\" href=\"https:\/\/lereveil224.info\/index.php\/2026\/09\/03\/tragedie-a-dar-es-salam-les-35-victimes-seront-inhumees-ce-vendredi-a-bambeto\/\"><\/a>\r\n\t\t<div class=\"term-badges floated\"><span class=\"term-badge term-11\"><a href=\"https:\/\/lereveil224.info\/index.php\/category\/actualite\/\">Actualit\u00e9<\/a><\/span><span class=\"term-badge term-18\"><a href=\"https:\/\/lereveil224.info\/index.php\/category\/region\/\">Region<\/a><\/span><\/div>\t\t<div class=\"content-container\">\r\n\t\t\t<h2 class=\"title\">\t\t\t<a href=\"https:\/\/lereveil224.info\/index.php\/2026\/09\/03\/tragedie-a-dar-es-salam-les-35-victimes-seront-inhumees-ce-vendredi-a-bambeto\/\" class=\"post-url post-title\">\r\n\t\t\t\tTrag\u00e9die \u00e0 Dar-es-Salam : les 35 victimes seront inhum\u00e9es ce vendredi \u00e0 Bamb\u00e9to\t\t\t<\/a>\r\n\t\t\t<\/h2>\t\t<div class=\"post-meta\">\r\n\r\n\t\t\t\t\t\t\t<a href=\"https:\/\/lereveil224.info\/index.php\/author\/mamadouba-camara\/\"\r\n\t\t\t\t   title=\"Parcourir les articles Auteur\"\r\n\t\t\t\t   class=\"post-author-a\">\r\n\t\t\t\t\t<i class=\"post-author author\">\r\n\t\t\t\t\t\tmamadouba camara\t\t\t\t\t<\/i>\r\n\t\t\t\t<\/a>\r\n\t\t\t\t\t\t\t<span class=\"time\"><time class=\"post-published updated\"\r\n\t\t\t\t                         datetime=\"2026-09-03T16:04:55+00:00\">Sep 3, 2026<\/time><\/span>\r\n\t\t\t\t<a href=\"https:\/\/lereveil224.info\/index.php\/2026\/09\/03\/tragedie-a-dar-es-salam-les-35-victimes-seront-inhumees-ce-vendredi-a-bambeto\/#respond\" title=\"Laisser un commentaire sur: &quot;Trag\u00e9die \u00e0 Dar-es-Salam : les 35 victimes seront inhum\u00e9es ce vendredi \u00e0 Bamb\u00e9to&quot;\" class=\"comments\"><i class=\"fa fa-comments-o\"><\/i> 0<\/a>\t\t<\/div>\r\n\t\t\t\t<\/div>\r\n\t<\/div>\r\n\t<\/article >\r\n\t\t\t<\/div>\r\n\t\t\t<div class=\"mg-col mg-col-2\">\r\n\t\t\t\t\t<article class=\"post-12125 type-post format-standard has-post-thumbnail  listing-item-2 listing-item listing-mg-item listing-mg-10-item listing-mg-type-1 main-term-11\">\r\n\t<div class=\"item-content\">\r\n\t\t<a  title=\"Joie au Palais pr\u00e9sidentiel : Mamadi Doumbouya annonce la naissance d\u2019une petite fille\" data-src=\"https:\/\/lereveil224.info\/wp-content\/uploads\/2026\/09\/HRNwSUjW4AcUN7n-620x430.jpg\" data-bs-srcset=\"{&quot;baseurl&quot;:&quot;https:\\\/\\\/lereveil224.info\\\/wp-content\\\/uploads\\\/2026\\\/09\\\/&quot;,&quot;sizes&quot;:{&quot;210&quot;:&quot;HRNwSUjW4AcUN7n-210x136.jpg&quot;,&quot;279&quot;:&quot;HRNwSUjW4AcUN7n-279x220.jpg&quot;,&quot;357&quot;:&quot;HRNwSUjW4AcUN7n-357x210.jpg&quot;,&quot;620&quot;:&quot;HRNwSUjW4AcUN7n.jpg&quot;}}\"\t\t\t\tclass=\"img-cont\" href=\"https:\/\/lereveil224.info\/index.php\/2026\/09\/02\/joie-au-palais-presidentiel-mamadi-doumbouya-annonce-la-naissance-dune-petite-fille\/\"><\/a>\r\n\t\t<div class=\"term-badges floated\"><span class=\"term-badge term-11\"><a href=\"https:\/\/lereveil224.info\/index.php\/category\/actualite\/\">Actualit\u00e9<\/a><\/span><span class=\"term-badge term-59\"><a href=\"https:\/\/lereveil224.info\/index.php\/category\/nationale\/\">Nationale<\/a><\/span><\/div>\t\t<div class=\"content-container\">\r\n\t\t\t<h2 class=\"title\">\t\t\t<a href=\"https:\/\/lereveil224.info\/index.php\/2026\/09\/02\/joie-au-palais-presidentiel-mamadi-doumbouya-annonce-la-naissance-dune-petite-fille\/\" class=\"post-url post-title\">\r\n\t\t\t\tJoie au Palais pr\u00e9sidentiel : Mamadi Doumbouya annonce la naissance d\u2019une petite fille\t\t\t<\/a>\r\n\t\t\t<\/h2>\t\t<div class=\"post-meta\">\r\n\r\n\t\t\t\t\t\t\t<a href=\"https:\/\/lereveil224.info\/index.php\/author\/mamadouba-camara\/\"\r\n\t\t\t\t   title=\"Parcourir les articles Auteur\"\r\n\t\t\t\t   class=\"post-author-a\">\r\n\t\t\t\t\t<i class=\"post-author author\">\r\n\t\t\t\t\t\tmamadouba camara\t\t\t\t\t<\/i>\r\n\t\t\t\t<\/a>\r\n\t\t\t\t\t\t\t<span class=\"time\"><time class=\"post-published updated\"\r\n\t\t\t\t                         datetime=\"2026-09-02T14:23:10+00:00\">Sep 2, 2026<\/time><\/span>\r\n\t\t\t\t<a href=\"https:\/\/lereveil224.info\/index.php\/2026\/09\/02\/joie-au-palais-presidentiel-mamadi-doumbouya-annonce-la-naissance-dune-petite-fille\/#respond\" title=\"Laisser un commentaire sur: &quot;Joie au Palais pr\u00e9sidentiel : Mamadi Doumbouya annonce la naissance d\u2019une petite fille&quot;\" class=\"comments\"><i class=\"fa fa-comments-o\"><\/i> 0<\/a>\t\t<\/div>\r\n\t\t\t\t<\/div>\r\n\t<\/div>\r\n\t<\/article >\r\n\t\t\t<\/div>\r\n\t\t<\/div>\r\n\t\t\t\t<div class=\"mg-row mg-row-2 clearfix\">\r\n\t\t\t<div class=\"mg-col mg-col-1\">\r\n\t\t\t\t\t<article class=\"post-12122 type-post format-standard has-post-thumbnail  listing-item-3 listing-item listing-mg-item listing-mg-10-item listing-mg-type-1 main-term-11\">\r\n\t<div class=\"item-content\">\r\n\t\t<a  title=\"Guin\u00e9e-Bissau : le \u00ab Oui \u00bb s\u2019impose \u00e0 70 % au r\u00e9f\u00e9rendum constitutionnel, un r\u00e9sultat d\u00e9j\u00e0 contest\u00e9\" data-src=\"https:\/\/lereveil224.info\/wp-content\/uploads\/2026\/09\/IMG_20260902_125812_1200_x_630_pixel-860x452-1-357x210.webp\" data-bs-srcset=\"{&quot;baseurl&quot;:&quot;https:\\\/\\\/lereveil224.info\\\/wp-content\\\/uploads\\\/2026\\\/09\\\/&quot;,&quot;sizes&quot;:{&quot;210&quot;:&quot;IMG_20260902_125812_1200_x_630_pixel-860x452-1-210x136.webp&quot;,&quot;279&quot;:&quot;IMG_20260902_125812_1200_x_630_pixel-860x452-1-279x220.webp&quot;,&quot;357&quot;:&quot;IMG_20260902_125812_1200_x_630_pixel-860x452-1-357x210.webp&quot;,&quot;750&quot;:&quot;IMG_20260902_125812_1200_x_630_pixel-860x452-1-750x430.webp&quot;,&quot;860&quot;:&quot;IMG_20260902_125812_1200_x_630_pixel-860x452-1.webp&quot;}}\"\t\t\t\tclass=\"img-cont\" href=\"https:\/\/lereveil224.info\/index.php\/2026\/09\/02\/guinee-bissau-le-oui-simpose-a-70-au-referendum-constitutionnel-un-resultat-deja-conteste\/\"><\/a>\r\n\t\t<div class=\"term-badges floated\"><span class=\"term-badge term-11\"><a href=\"https:\/\/lereveil224.info\/index.php\/category\/actualite\/\">Actualit\u00e9<\/a><\/span><\/div>\t\t<div class=\"content-container\">\r\n\t\t\t<h2 class=\"title\">\t\t\t<a href=\"https:\/\/lereveil224.info\/index.php\/2026\/09\/02\/guinee-bissau-le-oui-simpose-a-70-au-referendum-constitutionnel-un-resultat-deja-conteste\/\" class=\"post-url post-title\">\r\n\t\t\t\tGuin\u00e9e-Bissau : le \u00ab Oui \u00bb s\u2019impose \u00e0 70 % au r\u00e9f\u00e9rendum constitutionnel, un r\u00e9sultat d\u00e9j\u00e0 contest\u00e9\t\t\t<\/a>\r\n\t\t\t<\/h2>\t\t<\/div>\r\n\t<\/div>\r\n\t<\/article >\r\n\t\t\t<\/div>\r\n\t\t\t<div class=\"mg-col mg-col-2\">\r\n\t\t\t\t\t<article class=\"post-12110 type-post format-standard has-post-thumbnail  listing-item-4 listing-item listing-mg-item listing-mg-10-item listing-mg-type-1 main-term-11\">\r\n\t<div class=\"item-content\">\r\n\t\t<a  title=\"Conakry : l\u2019UEMOA et la Guin\u00e9e s\u2019unissent pour mieux combattre les d\u00e9rives des r\u00e9seaux sociaux\" data-src=\"https:\/\/lereveil224.info\/wp-content\/uploads\/2026\/08\/HRENXinWwAA2LxQ-357x210.jpg\" data-bs-srcset=\"{&quot;baseurl&quot;:&quot;https:\\\/\\\/lereveil224.info\\\/wp-content\\\/uploads\\\/2026\\\/08\\\/&quot;,&quot;sizes&quot;:{&quot;210&quot;:&quot;HRENXinWwAA2LxQ-210x136.jpg&quot;,&quot;279&quot;:&quot;HRENXinWwAA2LxQ-279x220.jpg&quot;,&quot;357&quot;:&quot;HRENXinWwAA2LxQ-357x210.jpg&quot;,&quot;750&quot;:&quot;HRENXinWwAA2LxQ-750x430.jpg&quot;,&quot;1080&quot;:&quot;HRENXinWwAA2LxQ.jpg&quot;}}\"\t\t\t\tclass=\"img-cont\" href=\"https:\/\/lereveil224.info\/index.php\/2026\/08\/31\/conakry-luemoa-et-la-guinee-sunissent-pour-mieux-combattre-les-derives-des-reseaux-sociaux\/\"><\/a>\r\n\t\t<div class=\"term-badges floated\"><span class=\"term-badge term-11\"><a href=\"https:\/\/lereveil224.info\/index.php\/category\/actualite\/\">Actualit\u00e9<\/a><\/span><\/div>\t\t<div class=\"content-container\">\r\n\t\t\t<h2 class=\"title\">\t\t\t<a href=\"https:\/\/lereveil224.info\/index.php\/2026\/08\/31\/conakry-luemoa-et-la-guinee-sunissent-pour-mieux-combattre-les-derives-des-reseaux-sociaux\/\" class=\"post-url post-title\">\r\n\t\t\t\tConakry : l\u2019UEMOA et la Guin\u00e9e s\u2019unissent pour mieux combattre les d\u00e9rives des r\u00e9seaux sociaux\t\t\t<\/a>\r\n\t\t\t<\/h2>\t\t<\/div>\r\n\t<\/div>\r\n\t<\/article >\r\n\t\t\t<\/div>\r\n\t\t\t<div class=\"mg-col mg-col-3\">\r\n\t\t\t\t\t<article class=\"post-12106 type-post format-standard has-post-thumbnail  listing-item-5 listing-item listing-mg-item listing-mg-10-item listing-mg-type-1 main-term-11\">\r\n\t<div class=\"item-content\">\r\n\t\t<a  title=\"M\u00e9dias en Guin\u00e9e : Boubacar Yacine Diallo salue les journalistes et annonce un nouvel assainissement\" data-src=\"https:\/\/lereveil224.info\/wp-content\/uploads\/2026\/08\/HQ0rz3PWwAAlCSK-357x210.jpg\" data-bs-srcset=\"{&quot;baseurl&quot;:&quot;https:\\\/\\\/lereveil224.info\\\/wp-content\\\/uploads\\\/2026\\\/08\\\/&quot;,&quot;sizes&quot;:{&quot;210&quot;:&quot;HQ0rz3PWwAAlCSK-210x136.jpg&quot;,&quot;279&quot;:&quot;HQ0rz3PWwAAlCSK-279x220.jpg&quot;,&quot;357&quot;:&quot;HQ0rz3PWwAAlCSK-357x210.jpg&quot;,&quot;658&quot;:&quot;HQ0rz3PWwAAlCSK.jpg&quot;}}\"\t\t\t\tclass=\"img-cont\" href=\"https:\/\/lereveil224.info\/index.php\/2026\/08\/28\/medias-en-guinee-boubacar-yacine-diallo-salue-les-journalistes-et-annonce-un-nouvel-assainissement\/\"><\/a>\r\n\t\t<div class=\"term-badges floated\"><span class=\"term-badge term-11\"><a href=\"https:\/\/lereveil224.info\/index.php\/category\/actualite\/\">Actualit\u00e9<\/a><\/span><\/div>\t\t<div class=\"content-container\">\r\n\t\t\t<h2 class=\"title\">\t\t\t<a href=\"https:\/\/lereveil224.info\/index.php\/2026\/08\/28\/medias-en-guinee-boubacar-yacine-diallo-salue-les-journalistes-et-annonce-un-nouvel-assainissement\/\" class=\"post-url post-title\">\r\n\t\t\t\tM\u00e9dias en Guin\u00e9e : Boubacar Yacine Diallo salue les journalistes et annonce un nouvel assainissement\t\t\t<\/a>\r\n\t\t\t<\/h2>\t\t<\/div>\r\n\t<\/div>\r\n\t<\/article >\r\n\t\t\t<\/div>\r\n\t\t\t<div class=\"mg-col mg-col-4\">\r\n\t\t\t\t\t<article class=\"post-12085 type-post format-standard has-post-thumbnail  listing-item-6 listing-item listing-mg-item listing-mg-10-item listing-mg-type-1 main-term-11\">\r\n\t<div class=\"item-content\">\r\n\t\t<a  title=\"Arm\u00e9e guin\u00e9enne : 173 militaires radi\u00e9s pour d\u00e9sertion, dont le commandant Michel Lamah\" data-src=\"https:\/\/lereveil224.info\/wp-content\/uploads\/2026\/08\/IMG_20260824_212424_1200_x_630_pixel-860x452-1-357x210.jpg\" data-bs-srcset=\"{&quot;baseurl&quot;:&quot;https:\\\/\\\/lereveil224.info\\\/wp-content\\\/uploads\\\/2026\\\/08\\\/&quot;,&quot;sizes&quot;:{&quot;210&quot;:&quot;IMG_20260824_212424_1200_x_630_pixel-860x452-1-210x136.jpg&quot;,&quot;279&quot;:&quot;IMG_20260824_212424_1200_x_630_pixel-860x452-1-279x220.jpg&quot;,&quot;357&quot;:&quot;IMG_20260824_212424_1200_x_630_pixel-860x452-1-357x210.jpg&quot;,&quot;750&quot;:&quot;IMG_20260824_212424_1200_x_630_pixel-860x452-1-750x430.jpg&quot;,&quot;860&quot;:&quot;IMG_20260824_212424_1200_x_630_pixel-860x452-1.jpg&quot;}}\"\t\t\t\tclass=\"img-cont\" href=\"https:\/\/lereveil224.info\/index.php\/2026\/08\/24\/armee-guineenne-173-militaires-radies-pour-desertion-dont-le-commandant-michel-lamah\/\"><\/a>\r\n\t\t<div class=\"term-badges floated\"><span class=\"term-badge term-11\"><a href=\"https:\/\/lereveil224.info\/index.php\/category\/actualite\/\">Actualit\u00e9<\/a><\/span><\/div>\t\t<div class=\"content-container\">\r\n\t\t\t<h2 class=\"title\">\t\t\t<a href=\"https:\/\/lereveil224.info\/index.php\/2026\/08\/24\/armee-guineenne-173-militaires-radies-pour-desertion-dont-le-commandant-michel-lamah\/\" class=\"post-url post-title\">\r\n\t\t\t\tArm\u00e9e guin\u00e9enne : 173 militaires radi\u00e9s pour d\u00e9sertion, dont le commandant Michel Lamah\t\t\t<\/a>\r\n\t\t\t<\/h2>\t\t<\/div>\r\n\t<\/div>\r\n\t<\/article >\r\n\t\t\t<\/div>\r\n\t\t<\/div>\r\n\t<\/div>\r\n<\/div>[\/vc_column][\/vc_row][vc_row][vc_column width=\u00a0\u00bb2\/3&Prime; column_custom_size=\u00a0\u00bb2-main-column\u00a0\u00bb]<div class=\" bs-listing bs-listing-listing-grid-1 bs-listing-single-tab pagination-animate\">\t\t<h3 class=\"section-heading sh-t4 sh-s4 main-term-none\">\r\n\r\n\t\t\r\n\t\t\t\t\t\t\t<span class=\"h-text main-term-none main-link\">\r\n\t\t\t\t\t\tDon\u2019t Miss\t\t\t\t\t<\/span>\r\n\t\t\t\r\n\t\t\r\n\t\t<\/h3>\r\n\t\t\t\t<div class=\"bs-pagination-wrapper main-term-none simple_numbered bs-slider-first-item\">\r\n\t\t\t<div class=\"listing listing-grid listing-grid-1 clearfix columns-2\">\r\n\t\t<article class=\"post-12128 type-post format-standard has-post-thumbnail   listing-item listing-item-grid listing-item-grid-1 main-term-11\">\r\n\t<div class=\"item-inner\">\r\n\t\t\t\t\t<div class=\"featured clearfix\">\r\n\t\t\t\t<div class=\"term-badges floated\"><span class=\"term-badge term-11\"><a href=\"https:\/\/lereveil224.info\/index.php\/category\/actualite\/\">Actualit\u00e9<\/a><\/span><\/div>\t\t\t\t<a  title=\"Trag\u00e9die \u00e0 Dar-es-Salam : les 35 victimes seront inhum\u00e9es ce vendredi \u00e0 Bamb\u00e9to\" data-src=\"https:\/\/lereveil224.info\/wp-content\/uploads\/2026\/09\/HRTYj1tXQAAsm5X-357x210.jpg\" data-bs-srcset=\"{&quot;baseurl&quot;:&quot;https:\\\/\\\/lereveil224.info\\\/wp-content\\\/uploads\\\/2026\\\/09\\\/&quot;,&quot;sizes&quot;:{&quot;210&quot;:&quot;HRTYj1tXQAAsm5X-210x136.jpg&quot;,&quot;279&quot;:&quot;HRTYj1tXQAAsm5X-279x220.jpg&quot;,&quot;357&quot;:&quot;HRTYj1tXQAAsm5X-357x210.jpg&quot;,&quot;750&quot;:&quot;HRTYj1tXQAAsm5X-750x430.jpg&quot;,&quot;1020&quot;:&quot;HRTYj1tXQAAsm5X.jpg&quot;}}\"\t\t\t\t\t\tclass=\"img-holder\" href=\"https:\/\/lereveil224.info\/index.php\/2026\/09\/03\/tragedie-a-dar-es-salam-les-35-victimes-seront-inhumees-ce-vendredi-a-bambeto\/\"><\/a>\r\n\r\n\t\t\t\t\t\t\t<\/div>\r\n\t\t<h2 class=\"title\">\t\t<a href=\"https:\/\/lereveil224.info\/index.php\/2026\/09\/03\/tragedie-a-dar-es-salam-les-35-victimes-seront-inhumees-ce-vendredi-a-bambeto\/\" class=\"post-title post-url\">\r\n\t\t\tTrag\u00e9die \u00e0 Dar-es-Salam : les 35 victimes seront inhum\u00e9es ce vendredi \u00e0 Bamb\u00e9to\t\t<\/a>\r\n\t\t<\/h2>\t\t<div class=\"post-meta\">\r\n\r\n\t\t\t\t\t\t\t<a href=\"https:\/\/lereveil224.info\/index.php\/author\/mamadouba-camara\/\"\r\n\t\t\t\t   title=\"Parcourir les articles Auteur\"\r\n\t\t\t\t   class=\"post-author-a\">\r\n\t\t\t\t\t<i class=\"post-author author\">\r\n\t\t\t\t\t\tmamadouba camara\t\t\t\t\t<\/i>\r\n\t\t\t\t<\/a>\r\n\t\t\t\t\t\t\t<span class=\"time\"><time class=\"post-published updated\"\r\n\t\t\t\t                         datetime=\"2026-09-03T16:04:55+00:00\">Sep 3, 2026<\/time><\/span>\r\n\t\t\t\t<a href=\"https:\/\/lereveil224.info\/index.php\/2026\/09\/03\/tragedie-a-dar-es-salam-les-35-victimes-seront-inhumees-ce-vendredi-a-bambeto\/#respond\" title=\"Laisser un commentaire sur: &quot;Trag\u00e9die \u00e0 Dar-es-Salam : les 35 victimes seront inhum\u00e9es ce vendredi \u00e0 Bamb\u00e9to&quot;\" class=\"comments\"><i class=\"fa fa-comments-o\"><\/i> 0<\/a>\t\t<\/div>\r\n\t\t\t<\/div>\r\n\t<\/article >\r\n\t<article class=\"post-12125 type-post format-standard has-post-thumbnail   listing-item listing-item-grid listing-item-grid-1 main-term-11\">\r\n\t<div class=\"item-inner\">\r\n\t\t\t\t\t<div class=\"featured clearfix\">\r\n\t\t\t\t<div class=\"term-badges floated\"><span class=\"term-badge term-11\"><a href=\"https:\/\/lereveil224.info\/index.php\/category\/actualite\/\">Actualit\u00e9<\/a><\/span><\/div>\t\t\t\t<a  title=\"Joie au Palais pr\u00e9sidentiel : Mamadi Doumbouya annonce la naissance d\u2019une petite fille\" data-src=\"https:\/\/lereveil224.info\/wp-content\/uploads\/2026\/09\/HRNwSUjW4AcUN7n-357x210.jpg\" data-bs-srcset=\"{&quot;baseurl&quot;:&quot;https:\\\/\\\/lereveil224.info\\\/wp-content\\\/uploads\\\/2026\\\/09\\\/&quot;,&quot;sizes&quot;:{&quot;210&quot;:&quot;HRNwSUjW4AcUN7n-210x136.jpg&quot;,&quot;279&quot;:&quot;HRNwSUjW4AcUN7n-279x220.jpg&quot;,&quot;357&quot;:&quot;HRNwSUjW4AcUN7n-357x210.jpg&quot;,&quot;620&quot;:&quot;HRNwSUjW4AcUN7n.jpg&quot;}}\"\t\t\t\t\t\tclass=\"img-holder\" href=\"https:\/\/lereveil224.info\/index.php\/2026\/09\/02\/joie-au-palais-presidentiel-mamadi-doumbouya-annonce-la-naissance-dune-petite-fille\/\"><\/a>\r\n\r\n\t\t\t\t\t\t\t<\/div>\r\n\t\t<h2 class=\"title\">\t\t<a href=\"https:\/\/lereveil224.info\/index.php\/2026\/09\/02\/joie-au-palais-presidentiel-mamadi-doumbouya-annonce-la-naissance-dune-petite-fille\/\" class=\"post-title post-url\">\r\n\t\t\tJoie au Palais pr\u00e9sidentiel : Mamadi Doumbouya annonce la naissance d\u2019une petite&hellip;\t\t<\/a>\r\n\t\t<\/h2>\t\t<div class=\"post-meta\">\r\n\r\n\t\t\t\t\t\t\t<a href=\"https:\/\/lereveil224.info\/index.php\/author\/mamadouba-camara\/\"\r\n\t\t\t\t   title=\"Parcourir les articles Auteur\"\r\n\t\t\t\t   class=\"post-author-a\">\r\n\t\t\t\t\t<i class=\"post-author author\">\r\n\t\t\t\t\t\tmamadouba camara\t\t\t\t\t<\/i>\r\n\t\t\t\t<\/a>\r\n\t\t\t\t\t\t\t<span class=\"time\"><time class=\"post-published updated\"\r\n\t\t\t\t                         datetime=\"2026-09-02T14:23:10+00:00\">Sep 2, 2026<\/time><\/span>\r\n\t\t\t\t<a href=\"https:\/\/lereveil224.info\/index.php\/2026\/09\/02\/joie-au-palais-presidentiel-mamadi-doumbouya-annonce-la-naissance-dune-petite-fille\/#respond\" title=\"Laisser un commentaire sur: &quot;Joie au Palais pr\u00e9sidentiel : Mamadi Doumbouya annonce la naissance d\u2019une petite fille&quot;\" class=\"comments\"><i class=\"fa fa-comments-o\"><\/i> 0<\/a>\t\t<\/div>\r\n\t\t\t<\/div>\r\n\t<\/article >\r\n\t<article class=\"post-12122 type-post format-standard has-post-thumbnail   listing-item listing-item-grid listing-item-grid-1 main-term-11\">\r\n\t<div class=\"item-inner\">\r\n\t\t\t\t\t<div class=\"featured clearfix\">\r\n\t\t\t\t<div class=\"term-badges floated\"><span class=\"term-badge term-11\"><a href=\"https:\/\/lereveil224.info\/index.php\/category\/actualite\/\">Actualit\u00e9<\/a><\/span><\/div>\t\t\t\t<a  title=\"Guin\u00e9e-Bissau : le \u00ab Oui \u00bb s\u2019impose \u00e0 70 % au r\u00e9f\u00e9rendum constitutionnel, un r\u00e9sultat d\u00e9j\u00e0 contest\u00e9\" data-src=\"https:\/\/lereveil224.info\/wp-content\/uploads\/2026\/09\/IMG_20260902_125812_1200_x_630_pixel-860x452-1-357x210.webp\" data-bs-srcset=\"{&quot;baseurl&quot;:&quot;https:\\\/\\\/lereveil224.info\\\/wp-content\\\/uploads\\\/2026\\\/09\\\/&quot;,&quot;sizes&quot;:{&quot;210&quot;:&quot;IMG_20260902_125812_1200_x_630_pixel-860x452-1-210x136.webp&quot;,&quot;279&quot;:&quot;IMG_20260902_125812_1200_x_630_pixel-860x452-1-279x220.webp&quot;,&quot;357&quot;:&quot;IMG_20260902_125812_1200_x_630_pixel-860x452-1-357x210.webp&quot;,&quot;750&quot;:&quot;IMG_20260902_125812_1200_x_630_pixel-860x452-1-750x430.webp&quot;,&quot;860&quot;:&quot;IMG_20260902_125812_1200_x_630_pixel-860x452-1.webp&quot;}}\"\t\t\t\t\t\tclass=\"img-holder\" href=\"https:\/\/lereveil224.info\/index.php\/2026\/09\/02\/guinee-bissau-le-oui-simpose-a-70-au-referendum-constitutionnel-un-resultat-deja-conteste\/\"><\/a>\r\n\r\n\t\t\t\t\t\t\t<\/div>\r\n\t\t<h2 class=\"title\">\t\t<a href=\"https:\/\/lereveil224.info\/index.php\/2026\/09\/02\/guinee-bissau-le-oui-simpose-a-70-au-referendum-constitutionnel-un-resultat-deja-conteste\/\" class=\"post-title post-url\">\r\n\t\t\tGuin\u00e9e-Bissau : le \u00ab Oui \u00bb s\u2019impose \u00e0 70 % au r\u00e9f\u00e9rendum constitutionnel, un&hellip;\t\t<\/a>\r\n\t\t<\/h2>\t\t<div class=\"post-meta\">\r\n\r\n\t\t\t\t\t\t\t<a href=\"https:\/\/lereveil224.info\/index.php\/author\/mamadouba-camara\/\"\r\n\t\t\t\t   title=\"Parcourir les articles Auteur\"\r\n\t\t\t\t   class=\"post-author-a\">\r\n\t\t\t\t\t<i class=\"post-author author\">\r\n\t\t\t\t\t\tmamadouba camara\t\t\t\t\t<\/i>\r\n\t\t\t\t<\/a>\r\n\t\t\t\t\t\t\t<span class=\"time\"><time class=\"post-published updated\"\r\n\t\t\t\t                         datetime=\"2026-09-02T13:46:43+00:00\">Sep 2, 2026<\/time><\/span>\r\n\t\t\t\t<a href=\"https:\/\/lereveil224.info\/index.php\/2026\/09\/02\/guinee-bissau-le-oui-simpose-a-70-au-referendum-constitutionnel-un-resultat-deja-conteste\/#respond\" title=\"Laisser un commentaire sur: &quot;Guin\u00e9e-Bissau : le \u00ab Oui \u00bb s\u2019impose \u00e0 70 % au r\u00e9f\u00e9rendum constitutionnel, un r\u00e9sultat d\u00e9j\u00e0 contest\u00e9&quot;\" class=\"comments\"><i class=\"fa fa-comments-o\"><\/i> 0<\/a>\t\t<\/div>\r\n\t\t\t<\/div>\r\n\t<\/article >\r\n\t<article class=\"post-12110 type-post format-standard has-post-thumbnail   listing-item listing-item-grid listing-item-grid-1 main-term-11\">\r\n\t<div class=\"item-inner\">\r\n\t\t\t\t\t<div class=\"featured clearfix\">\r\n\t\t\t\t<div class=\"term-badges floated\"><span class=\"term-badge term-11\"><a href=\"https:\/\/lereveil224.info\/index.php\/category\/actualite\/\">Actualit\u00e9<\/a><\/span><\/div>\t\t\t\t<a  title=\"Conakry : l\u2019UEMOA et la Guin\u00e9e s\u2019unissent pour mieux combattre les d\u00e9rives des r\u00e9seaux sociaux\" data-src=\"https:\/\/lereveil224.info\/wp-content\/uploads\/2026\/08\/HRENXinWwAA2LxQ-357x210.jpg\" data-bs-srcset=\"{&quot;baseurl&quot;:&quot;https:\\\/\\\/lereveil224.info\\\/wp-content\\\/uploads\\\/2026\\\/08\\\/&quot;,&quot;sizes&quot;:{&quot;210&quot;:&quot;HRENXinWwAA2LxQ-210x136.jpg&quot;,&quot;279&quot;:&quot;HRENXinWwAA2LxQ-279x220.jpg&quot;,&quot;357&quot;:&quot;HRENXinWwAA2LxQ-357x210.jpg&quot;,&quot;750&quot;:&quot;HRENXinWwAA2LxQ-750x430.jpg&quot;,&quot;1080&quot;:&quot;HRENXinWwAA2LxQ.jpg&quot;}}\"\t\t\t\t\t\tclass=\"img-holder\" href=\"https:\/\/lereveil224.info\/index.php\/2026\/08\/31\/conakry-luemoa-et-la-guinee-sunissent-pour-mieux-combattre-les-derives-des-reseaux-sociaux\/\"><\/a>\r\n\r\n\t\t\t\t\t\t\t<\/div>\r\n\t\t<h2 class=\"title\">\t\t<a href=\"https:\/\/lereveil224.info\/index.php\/2026\/08\/31\/conakry-luemoa-et-la-guinee-sunissent-pour-mieux-combattre-les-derives-des-reseaux-sociaux\/\" class=\"post-title post-url\">\r\n\t\t\tConakry : l\u2019UEMOA et la Guin\u00e9e s\u2019unissent pour mieux combattre les d\u00e9rives des&hellip;\t\t<\/a>\r\n\t\t<\/h2>\t\t<div class=\"post-meta\">\r\n\r\n\t\t\t\t\t\t\t<a href=\"https:\/\/lereveil224.info\/index.php\/author\/mamadouba-camara\/\"\r\n\t\t\t\t   title=\"Parcourir les articles Auteur\"\r\n\t\t\t\t   class=\"post-author-a\">\r\n\t\t\t\t\t<i class=\"post-author author\">\r\n\t\t\t\t\t\tmamadouba camara\t\t\t\t\t<\/i>\r\n\t\t\t\t<\/a>\r\n\t\t\t\t\t\t\t<span class=\"time\"><time class=\"post-published updated\"\r\n\t\t\t\t                         datetime=\"2026-08-31T18:11:21+00:00\">Ao\u00fbt 31, 2026<\/time><\/span>\r\n\t\t\t\t<a href=\"https:\/\/lereveil224.info\/index.php\/2026\/08\/31\/conakry-luemoa-et-la-guinee-sunissent-pour-mieux-combattre-les-derives-des-reseaux-sociaux\/#respond\" title=\"Laisser un commentaire sur: &quot;Conakry : l\u2019UEMOA et la Guin\u00e9e s\u2019unissent pour mieux combattre les d\u00e9rives des r\u00e9seaux sociaux&quot;\" class=\"comments\"><i class=\"fa fa-comments-o\"><\/i> 0<\/a>\t\t<\/div>\r\n\t\t\t<\/div>\r\n\t<\/article >\r\n\t<article class=\"post-12106 type-post format-standard has-post-thumbnail   listing-item listing-item-grid listing-item-grid-1 main-term-11\">\r\n\t<div class=\"item-inner\">\r\n\t\t\t\t\t<div class=\"featured clearfix\">\r\n\t\t\t\t<div class=\"term-badges floated\"><span class=\"term-badge term-11\"><a href=\"https:\/\/lereveil224.info\/index.php\/category\/actualite\/\">Actualit\u00e9<\/a><\/span><\/div>\t\t\t\t<a  title=\"M\u00e9dias en Guin\u00e9e : Boubacar Yacine Diallo salue les journalistes et annonce un nouvel assainissement\" data-src=\"https:\/\/lereveil224.info\/wp-content\/uploads\/2026\/08\/HQ0rz3PWwAAlCSK-357x210.jpg\" data-bs-srcset=\"{&quot;baseurl&quot;:&quot;https:\\\/\\\/lereveil224.info\\\/wp-content\\\/uploads\\\/2026\\\/08\\\/&quot;,&quot;sizes&quot;:{&quot;210&quot;:&quot;HQ0rz3PWwAAlCSK-210x136.jpg&quot;,&quot;279&quot;:&quot;HQ0rz3PWwAAlCSK-279x220.jpg&quot;,&quot;357&quot;:&quot;HQ0rz3PWwAAlCSK-357x210.jpg&quot;,&quot;658&quot;:&quot;HQ0rz3PWwAAlCSK.jpg&quot;}}\"\t\t\t\t\t\tclass=\"img-holder\" href=\"https:\/\/lereveil224.info\/index.php\/2026\/08\/28\/medias-en-guinee-boubacar-yacine-diallo-salue-les-journalistes-et-annonce-un-nouvel-assainissement\/\"><\/a>\r\n\r\n\t\t\t\t\t\t\t<\/div>\r\n\t\t<h2 class=\"title\">\t\t<a href=\"https:\/\/lereveil224.info\/index.php\/2026\/08\/28\/medias-en-guinee-boubacar-yacine-diallo-salue-les-journalistes-et-annonce-un-nouvel-assainissement\/\" class=\"post-title post-url\">\r\n\t\t\tM\u00e9dias en Guin\u00e9e : Boubacar Yacine Diallo salue les journalistes et annonce un&hellip;\t\t<\/a>\r\n\t\t<\/h2>\t\t<div class=\"post-meta\">\r\n\r\n\t\t\t\t\t\t\t<a href=\"https:\/\/lereveil224.info\/index.php\/author\/mamadouba-camara\/\"\r\n\t\t\t\t   title=\"Parcourir les articles Auteur\"\r\n\t\t\t\t   class=\"post-author-a\">\r\n\t\t\t\t\t<i class=\"post-author author\">\r\n\t\t\t\t\t\tmamadouba camara\t\t\t\t\t<\/i>\r\n\t\t\t\t<\/a>\r\n\t\t\t\t\t\t\t<span class=\"time\"><time class=\"post-published updated\"\r\n\t\t\t\t                         datetime=\"2026-08-28T19:38:18+00:00\">Ao\u00fbt 28, 2026<\/time><\/span>\r\n\t\t\t\t<a href=\"https:\/\/lereveil224.info\/index.php\/2026\/08\/28\/medias-en-guinee-boubacar-yacine-diallo-salue-les-journalistes-et-annonce-un-nouvel-assainissement\/#respond\" title=\"Laisser un commentaire sur: &quot;M\u00e9dias en Guin\u00e9e : Boubacar Yacine Diallo salue les journalistes et annonce un nouvel assainissement&quot;\" class=\"comments\"><i class=\"fa fa-comments-o\"><\/i> 0<\/a>\t\t<\/div>\r\n\t\t\t<\/div>\r\n\t<\/article >\r\n\t<article class=\"post-12085 type-post format-standard has-post-thumbnail   listing-item listing-item-grid listing-item-grid-1 main-term-11\">\r\n\t<div class=\"item-inner\">\r\n\t\t\t\t\t<div class=\"featured clearfix\">\r\n\t\t\t\t<div class=\"term-badges floated\"><span class=\"term-badge term-11\"><a href=\"https:\/\/lereveil224.info\/index.php\/category\/actualite\/\">Actualit\u00e9<\/a><\/span><\/div>\t\t\t\t<a  title=\"Arm\u00e9e guin\u00e9enne : 173 militaires radi\u00e9s pour d\u00e9sertion, dont le commandant Michel Lamah\" data-src=\"https:\/\/lereveil224.info\/wp-content\/uploads\/2026\/08\/IMG_20260824_212424_1200_x_630_pixel-860x452-1-357x210.jpg\" data-bs-srcset=\"{&quot;baseurl&quot;:&quot;https:\\\/\\\/lereveil224.info\\\/wp-content\\\/uploads\\\/2026\\\/08\\\/&quot;,&quot;sizes&quot;:{&quot;210&quot;:&quot;IMG_20260824_212424_1200_x_630_pixel-860x452-1-210x136.jpg&quot;,&quot;279&quot;:&quot;IMG_20260824_212424_1200_x_630_pixel-860x452-1-279x220.jpg&quot;,&quot;357&quot;:&quot;IMG_20260824_212424_1200_x_630_pixel-860x452-1-357x210.jpg&quot;,&quot;750&quot;:&quot;IMG_20260824_212424_1200_x_630_pixel-860x452-1-750x430.jpg&quot;,&quot;860&quot;:&quot;IMG_20260824_212424_1200_x_630_pixel-860x452-1.jpg&quot;}}\"\t\t\t\t\t\tclass=\"img-holder\" href=\"https:\/\/lereveil224.info\/index.php\/2026\/08\/24\/armee-guineenne-173-militaires-radies-pour-desertion-dont-le-commandant-michel-lamah\/\"><\/a>\r\n\r\n\t\t\t\t\t\t\t<\/div>\r\n\t\t<h2 class=\"title\">\t\t<a href=\"https:\/\/lereveil224.info\/index.php\/2026\/08\/24\/armee-guineenne-173-militaires-radies-pour-desertion-dont-le-commandant-michel-lamah\/\" class=\"post-title post-url\">\r\n\t\t\tArm\u00e9e guin\u00e9enne : 173 militaires radi\u00e9s pour d\u00e9sertion, dont le commandant Michel&hellip;\t\t<\/a>\r\n\t\t<\/h2>\t\t<div class=\"post-meta\">\r\n\r\n\t\t\t\t\t\t\t<a href=\"https:\/\/lereveil224.info\/index.php\/author\/mamadouba-camara\/\"\r\n\t\t\t\t   title=\"Parcourir les articles Auteur\"\r\n\t\t\t\t   class=\"post-author-a\">\r\n\t\t\t\t\t<i class=\"post-author author\">\r\n\t\t\t\t\t\tmamadouba camara\t\t\t\t\t<\/i>\r\n\t\t\t\t<\/a>\r\n\t\t\t\t\t\t\t<span class=\"time\"><time class=\"post-published updated\"\r\n\t\t\t\t                         datetime=\"2026-08-24T23:42:31+00:00\">Ao\u00fbt 24, 2026<\/time><\/span>\r\n\t\t\t\t<a href=\"https:\/\/lereveil224.info\/index.php\/2026\/08\/24\/armee-guineenne-173-militaires-radies-pour-desertion-dont-le-commandant-michel-lamah\/#respond\" title=\"Laisser un commentaire sur: &quot;Arm\u00e9e guin\u00e9enne : 173 militaires radi\u00e9s pour d\u00e9sertion, dont le commandant Michel Lamah&quot;\" class=\"comments\"><i class=\"fa fa-comments-o\"><\/i> 0<\/a>\t\t<\/div>\r\n\t\t\t<\/div>\r\n\t<\/article >\r\n\t<article class=\"post-12080 type-post format-standard has-post-thumbnail   listing-item listing-item-grid listing-item-grid-1 main-term-11\">\r\n\t<div class=\"item-inner\">\r\n\t\t\t\t\t<div class=\"featured clearfix\">\r\n\t\t\t\t<div class=\"term-badges floated\"><span class=\"term-badge term-11\"><a href=\"https:\/\/lereveil224.info\/index.php\/category\/actualite\/\">Actualit\u00e9<\/a><\/span><\/div>\t\t\t\t<a  title=\"Maouloud 2026 : le mardi 25 ao\u00fbt d\u00e9clar\u00e9 f\u00e9ri\u00e9, ch\u00f4m\u00e9 et pay\u00e9 en Guin\u00e9e\" data-src=\"https:\/\/lereveil224.info\/wp-content\/uploads\/2026\/08\/HQgxoUwXMAExVri-357x210.jpg\" data-bs-srcset=\"{&quot;baseurl&quot;:&quot;https:\\\/\\\/lereveil224.info\\\/wp-content\\\/uploads\\\/2026\\\/08\\\/&quot;,&quot;sizes&quot;:{&quot;210&quot;:&quot;HQgxoUwXMAExVri-210x136.jpg&quot;,&quot;279&quot;:&quot;HQgxoUwXMAExVri-279x220.jpg&quot;,&quot;357&quot;:&quot;HQgxoUwXMAExVri-357x210.jpg&quot;,&quot;750&quot;:&quot;HQgxoUwXMAExVri-750x430.jpg&quot;,&quot;1024&quot;:&quot;HQgxoUwXMAExVri.jpg&quot;}}\"\t\t\t\t\t\tclass=\"img-holder\" href=\"https:\/\/lereveil224.info\/index.php\/2026\/08\/24\/maouloud-2026-le-mardi-25-aout-declare-ferie-chome-et-paye-en-guinee\/\"><\/a>\r\n\r\n\t\t\t\t\t\t\t<\/div>\r\n\t\t<h2 class=\"title\">\t\t<a href=\"https:\/\/lereveil224.info\/index.php\/2026\/08\/24\/maouloud-2026-le-mardi-25-aout-declare-ferie-chome-et-paye-en-guinee\/\" class=\"post-title post-url\">\r\n\t\t\tMaouloud 2026 : le mardi 25 ao\u00fbt d\u00e9clar\u00e9 f\u00e9ri\u00e9, ch\u00f4m\u00e9 et pay\u00e9 en Guin\u00e9e\t\t<\/a>\r\n\t\t<\/h2>\t\t<div class=\"post-meta\">\r\n\r\n\t\t\t\t\t\t\t<a href=\"https:\/\/lereveil224.info\/index.php\/author\/mamadouba-camara\/\"\r\n\t\t\t\t   title=\"Parcourir les articles Auteur\"\r\n\t\t\t\t   class=\"post-author-a\">\r\n\t\t\t\t\t<i class=\"post-author author\">\r\n\t\t\t\t\t\tmamadouba camara\t\t\t\t\t<\/i>\r\n\t\t\t\t<\/a>\r\n\t\t\t\t\t\t\t<span class=\"time\"><time class=\"post-published updated\"\r\n\t\t\t\t                         datetime=\"2026-08-24T20:08:50+00:00\">Ao\u00fbt 24, 2026<\/time><\/span>\r\n\t\t\t\t<a href=\"https:\/\/lereveil224.info\/index.php\/2026\/08\/24\/maouloud-2026-le-mardi-25-aout-declare-ferie-chome-et-paye-en-guinee\/#respond\" title=\"Laisser un commentaire sur: &quot;Maouloud 2026 : le mardi 25 ao\u00fbt d\u00e9clar\u00e9 f\u00e9ri\u00e9, ch\u00f4m\u00e9 et pay\u00e9 en Guin\u00e9e&quot;\" class=\"comments\"><i class=\"fa fa-comments-o\"><\/i> 0<\/a>\t\t<\/div>\r\n\t\t\t<\/div>\r\n\t<\/article >\r\n\t<article class=\"post-12070 type-post format-standard has-post-thumbnail   listing-item listing-item-grid listing-item-grid-1 main-term-11\">\r\n\t<div class=\"item-inner\">\r\n\t\t\t\t\t<div class=\"featured clearfix\">\r\n\t\t\t\t<div class=\"term-badges floated\"><span class=\"term-badge term-11\"><a href=\"https:\/\/lereveil224.info\/index.php\/category\/actualite\/\">Actualit\u00e9<\/a><\/span><\/div>\t\t\t\t<a  title=\"N\u2019Z\u00e9r\u00e9kor\u00e9 : une foule immense rend un dernier hommage \u00e0 Cheick Ibrahim SANGAR\u00c9 dit \u00ab Adawi \u00bb\" data-src=\"https:\/\/lereveil224.info\/wp-content\/uploads\/2026\/08\/Adawi_1-357x210.jpg\" data-bs-srcset=\"{&quot;baseurl&quot;:&quot;https:\\\/\\\/lereveil224.info\\\/wp-content\\\/uploads\\\/2026\\\/08\\\/&quot;,&quot;sizes&quot;:{&quot;210&quot;:&quot;Adawi_1-210x136.jpg&quot;,&quot;279&quot;:&quot;Adawi_1-279x220.jpg&quot;,&quot;357&quot;:&quot;Adawi_1-357x210.jpg&quot;,&quot;724&quot;:&quot;Adawi_1.jpg&quot;}}\"\t\t\t\t\t\tclass=\"img-holder\" href=\"https:\/\/lereveil224.info\/index.php\/2026\/08\/23\/nzerekore-une-foule-immense-rend-un-dernier-hommage-a-cheick-ibrahim-sangare-dit-adawi\/\"><\/a>\r\n\r\n\t\t\t\t\t\t\t<\/div>\r\n\t\t<h2 class=\"title\">\t\t<a href=\"https:\/\/lereveil224.info\/index.php\/2026\/08\/23\/nzerekore-une-foule-immense-rend-un-dernier-hommage-a-cheick-ibrahim-sangare-dit-adawi\/\" class=\"post-title post-url\">\r\n\t\t\tN\u2019Z\u00e9r\u00e9kor\u00e9 : une foule immense rend un dernier hommage \u00e0 Cheick Ibrahim SANGAR\u00c9&hellip;\t\t<\/a>\r\n\t\t<\/h2>\t\t<div class=\"post-meta\">\r\n\r\n\t\t\t\t\t\t\t<a href=\"https:\/\/lereveil224.info\/index.php\/author\/mamadouba-camara\/\"\r\n\t\t\t\t   title=\"Parcourir les articles Auteur\"\r\n\t\t\t\t   class=\"post-author-a\">\r\n\t\t\t\t\t<i class=\"post-author author\">\r\n\t\t\t\t\t\tmamadouba camara\t\t\t\t\t<\/i>\r\n\t\t\t\t<\/a>\r\n\t\t\t\t\t\t\t<span class=\"time\"><time class=\"post-published updated\"\r\n\t\t\t\t                         datetime=\"2026-08-23T15:22:06+00:00\">Ao\u00fbt 23, 2026<\/time><\/span>\r\n\t\t\t\t<a href=\"https:\/\/lereveil224.info\/index.php\/2026\/08\/23\/nzerekore-une-foule-immense-rend-un-dernier-hommage-a-cheick-ibrahim-sangare-dit-adawi\/#respond\" title=\"Laisser un commentaire sur: &quot;N\u2019Z\u00e9r\u00e9kor\u00e9 : une foule immense rend un dernier hommage \u00e0 Cheick Ibrahim SANGAR\u00c9 dit \u00ab Adawi \u00bb&quot;\" class=\"comments\"><i class=\"fa fa-comments-o\"><\/i> 0<\/a>\t\t<\/div>\r\n\t\t\t<\/div>\r\n\t<\/article >\r\n\t<\/div>\r\n\t\n\t<\/div><div class=\"bs-pagination bs-simple-pagination simple_numbered main-term-none clearfix\">\r\n\t\t\t<script>var bs_ajax_paginate_336215874 = '{\"query\":{\"category\":\"\",\"tag\":\"\",\"taxonomy\":\"\",\"post_ids\":\"\",\"post_type\":\"\",\"count\":\"8\",\"order_by\":\"date\",\"order\":\"DESC\",\"time_filter\":\"\",\"offset\":\"\",\"style\":\"listing-grid-1\",\"show_excerpt\":\"0\",\"cats-tags-condition\":\"and\",\"cats-condition\":\"in\",\"tags-condition\":\"in\",\"featured_image\":\"0\",\"ignore_sticky_posts\":\"1\",\"author_ids\":\"\",\"disable_duplicate\":\"0\",\"ad-active\":\"0\",\"ad-after_each\":\"\",\"ad-type\":\"\",\"ad-banner\":\"\",\"ad-campaign\":\"none\",\"ad-count\":\"\",\"ad-columns\":\"1\",\"ad-orderby\":\"date\",\"ad-order\":\"ASC\",\"ad-align\":\"left\",\"paginate\":\"simple_numbered\",\"pagination-show-label\":\"0\",\"columns\":\"2\",\"listing-settings\":\"\",\"override-listing-settings\":\"0\",\"_layout\":{\"state\":\"1|1|0\",\"page\":\"2-col-right\"}},\"type\":\"bs_post_listing\",\"view\":\"Publisher_Grid_Listing_1_Shortcode\",\"current_page\":1,\"ajax_url\":\"\\\/wp-admin\\\/admin-ajax.php\",\"remove_duplicates\":\"0\",\"columns\":\"2\",\"show_excerpt\":\"0\",\"paginate\":\"simple_numbered\",\"pagination-show-label\":\"0\",\"ad-active\":\"0\",\"ad-after_each\":\"\",\"ad-type\":\"\",\"ad-banner\":\"\",\"ad-campaign\":\"none\",\"ad-count\":\"\",\"ad-columns\":\"1\",\"ad-orderby\":\"date\",\"ad-order\":\"ASC\",\"ad-align\":\"left\",\"override-listing-settings\":\"0\",\"listing-settings\":\"\",\"_layout\":{\"state\":\"1|1|0\",\"page\":\"2-col-right\"},\"_bs_pagin_token\":\"159e0c8\",\"data\":{\"vars\":{\"post-ranking-offset\":6}}}';<\/script><div class=\"pagination bs-numbered-pagination\" itemscope=\"itemscope\" itemtype=\"https:\/\/schema.org\/SiteNavigationElement\/Pagination\"><span aria-current=\"page\" class=\"page-numbers current\">1<\/span>\n<a class=\"page-numbers\" href=\"https:\/\/lereveil224.info\/index.php\/wp-json\/wp\/v2\/pages\/27\/page\/2\/\">2<\/a>\n<a class=\"page-numbers\" href=\"https:\/\/lereveil224.info\/index.php\/wp-json\/wp\/v2\/pages\/27\/page\/3\/\">3<\/a>\n<span class=\"page-numbers dots\">\u2026<\/span>\n<a class=\"page-numbers\" href=\"https:\/\/lereveil224.info\/index.php\/wp-json\/wp\/v2\/pages\/27\/page\/207\/\">207<\/a>\n<a class=\"next page-numbers\" href=\"https:\/\/lereveil224.info\/index.php\/wp-json\/wp\/v2\/pages\/27\/page\/2\/\">Prochain <i class=\"fa fa-angle-right\"><\/i><\/a><\/div><\/div><\/div>[\/vc_column][vc_column width=\u00a0\u00bb1\/3&Prime; sticky_sidebar=\u00a0\u00bbtrue\u00a0\u00bb is_sidebar=\u00a0\u00bbtrue\u00a0\u00bb column_custom_size=\u00a0\u00bb2-primary-column\u00a0\u00bb]<div class=\" bs-listing bs-listing-listing-thumbnail-1 bs-listing-single-tab\">\t\t<h3 class=\"section-heading sh-t4 sh-s4 main-term-none\">\r\n\r\n\t\t\r\n\t\t\t\t\t\t\t<span class=\"h-text main-term-none main-link\">\r\n\t\t\t\t\t\tMessages r\u00e9cents\t\t\t\t\t<\/span>\r\n\t\t\t\r\n\t\t\r\n\t\t<\/h3>\r\n\t\t\t<div class=\"listing listing-thumbnail listing-tb-1 clearfix columns-1\">\r\n\t\t<article class=\"post-12128 type-post format-standard has-post-thumbnail   listing-item listing-item-thumbnail listing-item-tb-1 main-term-11\">\r\n\t<div class=\"item-inner clearfix\">\r\n\t\t\t\t\t<div class=\"featured featured-type-featured-image\">\r\n\t\t\t\t<a  title=\"Trag\u00e9die \u00e0 Dar-es-Salam : les 35 victimes seront inhum\u00e9es ce vendredi \u00e0 Bamb\u00e9to\" data-src=\"https:\/\/lereveil224.info\/wp-content\/uploads\/2026\/09\/HRTYj1tXQAAsm5X-86x64.jpg\" data-bs-srcset=\"{&quot;baseurl&quot;:&quot;https:\\\/\\\/lereveil224.info\\\/wp-content\\\/uploads\\\/2026\\\/09\\\/&quot;,&quot;sizes&quot;:{&quot;86&quot;:&quot;HRTYj1tXQAAsm5X-86x64.jpg&quot;,&quot;210&quot;:&quot;HRTYj1tXQAAsm5X-210x136.jpg&quot;,&quot;1020&quot;:&quot;HRTYj1tXQAAsm5X.jpg&quot;}}\"\t\t\t\t\t\tclass=\"img-holder\" href=\"https:\/\/lereveil224.info\/index.php\/2026\/09\/03\/tragedie-a-dar-es-salam-les-35-victimes-seront-inhumees-ce-vendredi-a-bambeto\/\"><\/a>\r\n\t\t\t\t\t\t\t<\/div>\r\n\t\t<h2 class=\"title\">\t\t<a href=\"https:\/\/lereveil224.info\/index.php\/2026\/09\/03\/tragedie-a-dar-es-salam-les-35-victimes-seront-inhumees-ce-vendredi-a-bambeto\/\" class=\"post-url post-title\">\r\n\t\t\tTrag\u00e9die \u00e0 Dar-es-Salam : les 35 victimes seront inhum\u00e9es ce&hellip;\t\t<\/a>\r\n\t\t<\/h2>\t\t<div class=\"post-meta\">\r\n\r\n\t\t\t\t\t\t\t<span class=\"time\"><time class=\"post-published updated\"\r\n\t\t\t\t                         datetime=\"2026-09-03T16:04:55+00:00\">Sep 3, 2026<\/time><\/span>\r\n\t\t\t\t\t\t<\/div>\r\n\t\t\t<\/div>\r\n\t<\/article >\r\n\t<article class=\"post-12125 type-post format-standard has-post-thumbnail   listing-item listing-item-thumbnail listing-item-tb-1 main-term-11\">\r\n\t<div class=\"item-inner clearfix\">\r\n\t\t\t\t\t<div class=\"featured featured-type-featured-image\">\r\n\t\t\t\t<a  title=\"Joie au Palais pr\u00e9sidentiel : Mamadi Doumbouya annonce la naissance d\u2019une petite fille\" data-src=\"https:\/\/lereveil224.info\/wp-content\/uploads\/2026\/09\/HRNwSUjW4AcUN7n-86x64.jpg\" data-bs-srcset=\"{&quot;baseurl&quot;:&quot;https:\\\/\\\/lereveil224.info\\\/wp-content\\\/uploads\\\/2026\\\/09\\\/&quot;,&quot;sizes&quot;:{&quot;86&quot;:&quot;HRNwSUjW4AcUN7n-86x64.jpg&quot;,&quot;210&quot;:&quot;HRNwSUjW4AcUN7n-210x136.jpg&quot;,&quot;620&quot;:&quot;HRNwSUjW4AcUN7n.jpg&quot;}}\"\t\t\t\t\t\tclass=\"img-holder\" href=\"https:\/\/lereveil224.info\/index.php\/2026\/09\/02\/joie-au-palais-presidentiel-mamadi-doumbouya-annonce-la-naissance-dune-petite-fille\/\"><\/a>\r\n\t\t\t\t\t\t\t<\/div>\r\n\t\t<h2 class=\"title\">\t\t<a href=\"https:\/\/lereveil224.info\/index.php\/2026\/09\/02\/joie-au-palais-presidentiel-mamadi-doumbouya-annonce-la-naissance-dune-petite-fille\/\" class=\"post-url post-title\">\r\n\t\t\tJoie au Palais pr\u00e9sidentiel : Mamadi Doumbouya annonce la&hellip;\t\t<\/a>\r\n\t\t<\/h2>\t\t<div class=\"post-meta\">\r\n\r\n\t\t\t\t\t\t\t<span class=\"time\"><time class=\"post-published updated\"\r\n\t\t\t\t                         datetime=\"2026-09-02T14:23:10+00:00\">Sep 2, 2026<\/time><\/span>\r\n\t\t\t\t\t\t<\/div>\r\n\t\t\t<\/div>\r\n\t<\/article >\r\n\t<article class=\"post-12122 type-post format-standard has-post-thumbnail   listing-item listing-item-thumbnail listing-item-tb-1 main-term-11\">\r\n\t<div class=\"item-inner clearfix\">\r\n\t\t\t\t\t<div class=\"featured featured-type-featured-image\">\r\n\t\t\t\t<a  title=\"Guin\u00e9e-Bissau : le \u00ab Oui \u00bb s\u2019impose \u00e0 70 % au r\u00e9f\u00e9rendum constitutionnel, un r\u00e9sultat d\u00e9j\u00e0 contest\u00e9\" data-src=\"https:\/\/lereveil224.info\/wp-content\/uploads\/2026\/09\/IMG_20260902_125812_1200_x_630_pixel-860x452-1-86x64.webp\" data-bs-srcset=\"{&quot;baseurl&quot;:&quot;https:\\\/\\\/lereveil224.info\\\/wp-content\\\/uploads\\\/2026\\\/09\\\/&quot;,&quot;sizes&quot;:{&quot;86&quot;:&quot;IMG_20260902_125812_1200_x_630_pixel-860x452-1-86x64.webp&quot;,&quot;210&quot;:&quot;IMG_20260902_125812_1200_x_630_pixel-860x452-1-210x136.webp&quot;,&quot;860&quot;:&quot;IMG_20260902_125812_1200_x_630_pixel-860x452-1.webp&quot;}}\"\t\t\t\t\t\tclass=\"img-holder\" href=\"https:\/\/lereveil224.info\/index.php\/2026\/09\/02\/guinee-bissau-le-oui-simpose-a-70-au-referendum-constitutionnel-un-resultat-deja-conteste\/\"><\/a>\r\n\t\t\t\t\t\t\t<\/div>\r\n\t\t<h2 class=\"title\">\t\t<a href=\"https:\/\/lereveil224.info\/index.php\/2026\/09\/02\/guinee-bissau-le-oui-simpose-a-70-au-referendum-constitutionnel-un-resultat-deja-conteste\/\" class=\"post-url post-title\">\r\n\t\t\tGuin\u00e9e-Bissau : le \u00ab Oui \u00bb s\u2019impose \u00e0 70 % au r\u00e9f\u00e9rendum&hellip;\t\t<\/a>\r\n\t\t<\/h2>\t\t<div class=\"post-meta\">\r\n\r\n\t\t\t\t\t\t\t<span class=\"time\"><time class=\"post-published updated\"\r\n\t\t\t\t                         datetime=\"2026-09-02T13:46:43+00:00\">Sep 2, 2026<\/time><\/span>\r\n\t\t\t\t\t\t<\/div>\r\n\t\t\t<\/div>\r\n\t<\/article >\r\n\t<article class=\"post-12110 type-post format-standard has-post-thumbnail   listing-item listing-item-thumbnail listing-item-tb-1 main-term-11\">\r\n\t<div class=\"item-inner clearfix\">\r\n\t\t\t\t\t<div class=\"featured featured-type-featured-image\">\r\n\t\t\t\t<a  title=\"Conakry : l\u2019UEMOA et la Guin\u00e9e s\u2019unissent pour mieux combattre les d\u00e9rives des r\u00e9seaux sociaux\" data-src=\"https:\/\/lereveil224.info\/wp-content\/uploads\/2026\/08\/HRENXinWwAA2LxQ-86x64.jpg\" data-bs-srcset=\"{&quot;baseurl&quot;:&quot;https:\\\/\\\/lereveil224.info\\\/wp-content\\\/uploads\\\/2026\\\/08\\\/&quot;,&quot;sizes&quot;:{&quot;86&quot;:&quot;HRENXinWwAA2LxQ-86x64.jpg&quot;,&quot;210&quot;:&quot;HRENXinWwAA2LxQ-210x136.jpg&quot;,&quot;1080&quot;:&quot;HRENXinWwAA2LxQ.jpg&quot;}}\"\t\t\t\t\t\tclass=\"img-holder\" href=\"https:\/\/lereveil224.info\/index.php\/2026\/08\/31\/conakry-luemoa-et-la-guinee-sunissent-pour-mieux-combattre-les-derives-des-reseaux-sociaux\/\"><\/a>\r\n\t\t\t\t\t\t\t<\/div>\r\n\t\t<h2 class=\"title\">\t\t<a href=\"https:\/\/lereveil224.info\/index.php\/2026\/08\/31\/conakry-luemoa-et-la-guinee-sunissent-pour-mieux-combattre-les-derives-des-reseaux-sociaux\/\" class=\"post-url post-title\">\r\n\t\t\tConakry : l\u2019UEMOA et la Guin\u00e9e s\u2019unissent pour mieux&hellip;\t\t<\/a>\r\n\t\t<\/h2>\t\t<div class=\"post-meta\">\r\n\r\n\t\t\t\t\t\t\t<span class=\"time\"><time class=\"post-published updated\"\r\n\t\t\t\t                         datetime=\"2026-08-31T18:11:21+00:00\">Ao\u00fbt 31, 2026<\/time><\/span>\r\n\t\t\t\t\t\t<\/div>\r\n\t\t\t<\/div>\r\n\t<\/article >\r\n\t<article class=\"post-12106 type-post format-standard has-post-thumbnail   listing-item listing-item-thumbnail listing-item-tb-1 main-term-11\">\r\n\t<div class=\"item-inner clearfix\">\r\n\t\t\t\t\t<div class=\"featured featured-type-featured-image\">\r\n\t\t\t\t<a  title=\"M\u00e9dias en Guin\u00e9e : Boubacar Yacine Diallo salue les journalistes et annonce un nouvel assainissement\" data-src=\"https:\/\/lereveil224.info\/wp-content\/uploads\/2026\/08\/HQ0rz3PWwAAlCSK-86x64.jpg\" data-bs-srcset=\"{&quot;baseurl&quot;:&quot;https:\\\/\\\/lereveil224.info\\\/wp-content\\\/uploads\\\/2026\\\/08\\\/&quot;,&quot;sizes&quot;:{&quot;86&quot;:&quot;HQ0rz3PWwAAlCSK-86x64.jpg&quot;,&quot;210&quot;:&quot;HQ0rz3PWwAAlCSK-210x136.jpg&quot;,&quot;658&quot;:&quot;HQ0rz3PWwAAlCSK.jpg&quot;}}\"\t\t\t\t\t\tclass=\"img-holder\" href=\"https:\/\/lereveil224.info\/index.php\/2026\/08\/28\/medias-en-guinee-boubacar-yacine-diallo-salue-les-journalistes-et-annonce-un-nouvel-assainissement\/\"><\/a>\r\n\t\t\t\t\t\t\t<\/div>\r\n\t\t<h2 class=\"title\">\t\t<a href=\"https:\/\/lereveil224.info\/index.php\/2026\/08\/28\/medias-en-guinee-boubacar-yacine-diallo-salue-les-journalistes-et-annonce-un-nouvel-assainissement\/\" class=\"post-url post-title\">\r\n\t\t\tM\u00e9dias en Guin\u00e9e : Boubacar Yacine Diallo salue les&hellip;\t\t<\/a>\r\n\t\t<\/h2>\t\t<div class=\"post-meta\">\r\n\r\n\t\t\t\t\t\t\t<span class=\"time\"><time class=\"post-published updated\"\r\n\t\t\t\t                         datetime=\"2026-08-28T19:38:18+00:00\">Ao\u00fbt 28, 2026<\/time><\/span>\r\n\t\t\t\t\t\t<\/div>\r\n\t\t\t<\/div>\r\n\t<\/article >\r\n\t<\/div>\r\n\t<\/div>[\/vc_column][\/vc_row]<\/p>\n<\/div>\n<\/div>\n","protected":false},"excerpt":{"rendered":"<p>Everyone is looking to lose weight these days, but most people miss the one key to just how easy it really is&#8230;<\/p>\n","protected":false},"author":123457,"featured_media":0,"parent":0,"menu_order":0,"comment_status":"closed","ping_status":"closed","template":"","meta":{"_acf_changed":false,"footnotes":""},"class_list":["post-27","page","type-page","status-publish","hentry"],"acf":[],"_links":{"self":[{"href":"https:\/\/lereveil224.info\/index.php\/wp-json\/wp\/v2\/pages\/27","targetHints":{"allow":["GET"]}}],"collection":[{"href":"https:\/\/lereveil224.info\/index.php\/wp-json\/wp\/v2\/pages"}],"about":[{"href":"https:\/\/lereveil224.info\/index.php\/wp-json\/wp\/v2\/types\/page"}],"author":[{"embeddable":true,"href":"https:\/\/lereveil224.info\/index.php\/wp-json\/wp\/v2\/users\/123457"}],"replies":[{"embeddable":true,"href":"https:\/\/lereveil224.info\/index.php\/wp-json\/wp\/v2\/comments?post=27"}],"version-history":[{"count":16,"href":"https:\/\/lereveil224.info\/index.php\/wp-json\/wp\/v2\/pages\/27\/revisions"}],"predecessor-version":[{"id":411,"href":"https:\/\/lereveil224.info\/index.php\/wp-json\/wp\/v2\/pages\/27\/revisions\/411"}],"wp:attachment":[{"href":"https:\/\/lereveil224.info\/index.php\/wp-json\/wp\/v2\/media?parent=27"}],"curies":[{"name":"wp","href":"https:\/\/api.w.org\/{rel}","templated":true}]}}